{"id":1457,"date":"2024-02-05T13:16:42","date_gmt":"2024-02-05T12:16:42","guid":{"rendered":"https:\/\/ondrejroubik.eu\/en\/?page_id=1457"},"modified":"2025-06-01T16:34:56","modified_gmt":"2025-06-01T14:34:56","slug":"photo","status":"publish","type":"page","link":"https:\/\/ondrejroubik.eu\/en\/photo\/","title":{"rendered":"Photo"},"content":{"rendered":"\n<div style=\"height:150px\" aria-hidden=\"true\" class=\"wp-block-spacer\"><\/div>\n\n\n<style>#jtg-6617 .modula-item .jtg-social a, .lightbox-socials.jtg-social a{ color: #ffffff }#jtg-6617 .modula-item .jtg-social svg, .lightbox-socials.jtg-social svg { height: 16px; width: 16px }#jtg-6617 .modula-item .jtg-social a:not(:last-child), .lightbox-socials.jtg-social a:not(:last-child) { margin-right: 10px }#jtg-6617 .modula-item .figc {color:#ffffff;}#jtg-6617 .modula-item .modula-item-content { transform: scale(1) }#jtg-6617 { width:100%;}#jtg-6617 .modula-items{height:800px;}@media screen and (max-width: 992px) {#jtg-6617 .modula-items{height:800px;}}@media screen and (max-width: 768px) {#jtg-6617 .modula-items{height:800px;}}#jtg-6617 .modula-items .figc p.description { font-size:14px; }#jtg-6617 .modula-items .figc p.description { color:#ffffff;}#jtg-6617.modula-gallery .modula-item > a, #jtg-6617.modula-gallery .modula-item, #jtg-6617.modula-gallery .modula-item-content > a:not(.modula-no-follow) { cursor:zoom-in; } #jtg-6617.modula-gallery .modula-item-content .modula-no-follow { cursor: default; } @media screen and (max-width:480px){#jtg-6617 .modula-item .figc .jtg-title {  font-size: 12px; }#jtg-6617 .modula-items .figc p.description { color:#ffffff;font-size:10px; }}<\/style>\n<!-- Gallery Container -->\n<div  id=\"jtg-6617\" class=\"modula modula-gallery modula-creative-gallery\" data-config=\"{&quot;height&quot;:800,&quot;tabletHeight&quot;:800,&quot;mobileHeight&quot;:800,&quot;desktopHeight&quot;:800,&quot;enableTwitter&quot;:false,&quot;enableWhatsapp&quot;:false,&quot;enableFacebook&quot;:false,&quot;enablePinterest&quot;:false,&quot;enableLinkedin&quot;:false,&quot;enableEmail&quot;:false,&quot;randomFactor&quot;:0,&quot;type&quot;:&quot;creative-gallery&quot;,&quot;columns&quot;:12,&quot;gutter&quot;:1,&quot;mobileGutter&quot;:1,&quot;tabletGutter&quot;:1,&quot;desktopGutter&quot;:1,&quot;enableResponsive&quot;:&quot;0&quot;,&quot;tabletColumns&quot;:2,&quot;mobileColumns&quot;:1,&quot;lazyLoad&quot;:true,&quot;lightboxOpts&quot;:{&quot;loop&quot;:false,&quot;arrows&quot;:true,&quot;toolbar&quot;:true,&quot;keyboard&quot;:true,&quot;wheel&quot;:false,&quot;buttons&quot;:[&quot;close&quot;],&quot;hash&quot;:false,&quot;lang&quot;:&quot;en&quot;,&quot;touch&quot;:false,&quot;protect&quot;:false,&quot;i18n&quot;:{&quot;en&quot;:{&quot;CLOSE&quot;:&quot;Close&quot;,&quot;NEXT&quot;:&quot;Next&quot;,&quot;PREV&quot;:&quot;Previous&quot;,&quot;Error&quot;:&quot;The requested content cannot be loaded. Please try again later.&quot;,&quot;PLAY_START&quot;:&quot;Start slideshow&quot;,&quot;PLAY_STOP&quot;:&quot;Pause slideshow&quot;,&quot;FULL_SCREEN&quot;:&quot;Full screen&quot;,&quot;THUMBS&quot;:&quot;Thumbnails&quot;,&quot;DOWNLOAD&quot;:&quot;Download&quot;,&quot;SHARE&quot;:&quot;Share&quot;,&quot;ZOOM&quot;:&quot;Zoom&quot;}},&quot;clickSlide&quot;:false,&quot;clickOutside&quot;:false,&quot;dblclickContent&quot;:false,&quot;dblclickSlide&quot;:false,&quot;dblclickOutside&quot;:false,&quot;clickContent&quot;:false,&quot;baseTpl&quot;:&quot;&lt;div class=\\&quot;modula-fancybox-container modula-lightbox-jtg-6617\\&quot; role=\\&quot;dialog\\&quot; tabindex=\\&quot;-1\\&quot;&gt;&lt;div class=\\&quot;modula-fancybox-bg\\&quot;&gt;&lt;\\\/div&gt;&lt;div class=\\&quot;modula-fancybox-inner\\&quot;&gt;&lt;div class=\\&quot;modula-fancybox-infobar\\&quot;&gt;&lt;span data-fancybox-index&gt;&lt;\\\/span&gt;&nbsp;\\\/&nbsp;&lt;span data-fancybox-count&gt;&lt;\\\/span&gt;&lt;\\\/div&gt;&lt;div class=\\&quot;modula-fancybox-toolbar\\&quot;&gt;{{buttons}}&lt;\\\/div&gt;&lt;div class=\\&quot;modula-fancybox-navigation\\&quot;&gt;{{arrows}}&lt;\\\/div&gt;&lt;div class=\\&quot;modula-fancybox-stage\\&quot;&gt;&lt;\\\/div&gt;&lt;div class=\\&quot;modula-fancybox-caption\\&quot;&gt;&lt;div class=\\&quot;modula-fancybox-caption__body\\&quot;&gt;&lt;\\\/div&gt;&lt;\\\/div&gt;&lt;\\\/div&gt;&lt;\\\/div&gt;&quot;},&quot;inView&quot;:false,&quot;email_subject&quot;:&quot;Check out this awesome image !!&quot;,&quot;email_message&quot;:&quot;Here is the link to the image : %%image_link%% and this is the link to the gallery : %%gallery_link%%&quot;,&quot;lightbox&quot;:&quot;fancybox&quot;}\">\n\n\t\n\t<!-- Items Container -->\n\t<div  class=\"modula-items\">\n\t\t<div class=\"modula-item effect-pufrobo\" >\n\t<div class=\"modula-item-overlay\"><\/div>\n\n\t<div class=\"modula-item-content\">\n\n\t\t\t\t\n\t\t\t\t\t<a data-image-id=\"6619\" rel=\"jtg-6617\" data-caption=\"\" aria-label=\"Open image in lightbox\" class=\"tile-inner modula-item-link\"><\/a>\n\t\t\n\t\t<img class=\"pic wp-image-6619 lazyload\"  data-valign=\"middle\" data-halign=\"center\" alt=\"\" data-full=\"https:\/\/ondrejroubik.eu\/en\/wp-content\/uploads\/2025\/06\/Subor-28.jpg\" title=\"S\u00fabor 28\" width=\"2560\" height=\"1922\" data-src=\"https:\/\/ondrejroubik.eu\/en\/wp-content\/uploads\/2025\/06\/Subor-28.jpg\" data-caption=\"\" data-source=\"modula\" data-srcset=\"https:\/\/ondrejroubik.eu\/en\/wp-content\/uploads\/2025\/06\/Subor-28-scaled.jpg 2560w, https:\/\/ondrejroubik.eu\/en\/wp-content\/uploads\/2025\/06\/Subor-28-300x225.jpg 300w, https:\/\/ondrejroubik.eu\/en\/wp-content\/uploads\/2025\/06\/Subor-28-1024x769.jpg 1024w, https:\/\/ondrejroubik.eu\/en\/wp-content\/uploads\/2025\/06\/Subor-28-768x577.jpg 768w, https:\/\/ondrejroubik.eu\/en\/wp-content\/uploads\/2025\/06\/Subor-28-1536x1153.jpg 1536w, https:\/\/ondrejroubik.eu\/en\/wp-content\/uploads\/2025\/06\/Subor-28-2048x1537.jpg 2048w\" data-sizes=\"(max-width: 2560px) 100vw, 2560px\" \/>\n\t\t<div class=\"figc no-description\">\n\t\t\t<div class=\"figc-inner\">\n\t\t\t\t\t\t\t\t\t\t\t\t\t\t\t<\/div>\n\t\t<\/div>\n\n\t<\/div>\n\n<\/div><div class=\"modula-item effect-pufrobo\" >\n\t<div class=\"modula-item-overlay\"><\/div>\n\n\t<div class=\"modula-item-content\">\n\n\t\t\t\t\n\t\t\t\t\t<a data-image-id=\"6620\" rel=\"jtg-6617\" data-caption=\"\" aria-label=\"Open image in lightbox\" class=\"tile-inner modula-item-link\"><\/a>\n\t\t\n\t\t<img class=\"pic wp-image-6620 lazyload\"  data-valign=\"middle\" data-halign=\"center\" alt=\"\" data-full=\"https:\/\/ondrejroubik.eu\/en\/wp-content\/uploads\/2025\/06\/Subor-30.jpg\" title=\"S\u00fabor 30\" width=\"2560\" height=\"1922\" data-src=\"https:\/\/ondrejroubik.eu\/en\/wp-content\/uploads\/2025\/06\/Subor-30.jpg\" data-caption=\"\" data-source=\"modula\" data-srcset=\"https:\/\/ondrejroubik.eu\/en\/wp-content\/uploads\/2025\/06\/Subor-30-scaled.jpg 2560w, https:\/\/ondrejroubik.eu\/en\/wp-content\/uploads\/2025\/06\/Subor-30-300x225.jpg 300w, https:\/\/ondrejroubik.eu\/en\/wp-content\/uploads\/2025\/06\/Subor-30-1024x769.jpg 1024w, https:\/\/ondrejroubik.eu\/en\/wp-content\/uploads\/2025\/06\/Subor-30-768x577.jpg 768w, https:\/\/ondrejroubik.eu\/en\/wp-content\/uploads\/2025\/06\/Subor-30-1536x1153.jpg 1536w, https:\/\/ondrejroubik.eu\/en\/wp-content\/uploads\/2025\/06\/Subor-30-2048x1537.jpg 2048w\" data-sizes=\"(max-width: 2560px) 100vw, 2560px\" \/>\n\t\t<div class=\"figc no-description\">\n\t\t\t<div class=\"figc-inner\">\n\t\t\t\t\t\t\t\t\t\t\t\t\t\t\t<\/div>\n\t\t<\/div>\n\n\t<\/div>\n\n<\/div><div class=\"modula-item effect-pufrobo\" >\n\t<div class=\"modula-item-overlay\"><\/div>\n\n\t<div class=\"modula-item-content\">\n\n\t\t\t\t\n\t\t\t\t\t<a data-image-id=\"6621\" rel=\"jtg-6617\" data-caption=\"\" aria-label=\"Open image in lightbox\" class=\"tile-inner modula-item-link\"><\/a>\n\t\t\n\t\t<img class=\"pic wp-image-6621 lazyload\"  data-valign=\"middle\" data-halign=\"center\" alt=\"\" data-full=\"https:\/\/ondrejroubik.eu\/en\/wp-content\/uploads\/2025\/06\/Subor-34.jpg\" title=\"S\u00fabor 34\" width=\"2560\" height=\"1707\" data-src=\"https:\/\/ondrejroubik.eu\/en\/wp-content\/uploads\/2025\/06\/Subor-34.jpg\" data-caption=\"\" data-source=\"modula\" data-srcset=\"https:\/\/ondrejroubik.eu\/en\/wp-content\/uploads\/2025\/06\/Subor-34-scaled.jpg 2560w, https:\/\/ondrejroubik.eu\/en\/wp-content\/uploads\/2025\/06\/Subor-34-300x200.jpg 300w, https:\/\/ondrejroubik.eu\/en\/wp-content\/uploads\/2025\/06\/Subor-34-1024x683.jpg 1024w, https:\/\/ondrejroubik.eu\/en\/wp-content\/uploads\/2025\/06\/Subor-34-768x512.jpg 768w, https:\/\/ondrejroubik.eu\/en\/wp-content\/uploads\/2025\/06\/Subor-34-1536x1024.jpg 1536w, https:\/\/ondrejroubik.eu\/en\/wp-content\/uploads\/2025\/06\/Subor-34-2048x1365.jpg 2048w\" data-sizes=\"(max-width: 2560px) 100vw, 2560px\" \/>\n\t\t<div class=\"figc no-description\">\n\t\t\t<div class=\"figc-inner\">\n\t\t\t\t\t\t\t\t\t\t\t\t\t\t\t<\/div>\n\t\t<\/div>\n\n\t<\/div>\n\n<\/div><div class=\"modula-item effect-pufrobo\" >\n\t<div class=\"modula-item-overlay\"><\/div>\n\n\t<div class=\"modula-item-content\">\n\n\t\t\t\t\n\t\t\t\t\t<a data-image-id=\"6622\" rel=\"jtg-6617\" data-caption=\"\" aria-label=\"Open image in lightbox\" class=\"tile-inner modula-item-link\"><\/a>\n\t\t\n\t\t<img class=\"pic wp-image-6622 lazyload\"  data-valign=\"middle\" data-halign=\"center\" alt=\"\" data-full=\"https:\/\/ondrejroubik.eu\/en\/wp-content\/uploads\/2025\/06\/Subor-42.jpg\" title=\"S\u00fabor 42\" width=\"2560\" height=\"1922\" data-src=\"https:\/\/ondrejroubik.eu\/en\/wp-content\/uploads\/2025\/06\/Subor-42.jpg\" data-caption=\"\" data-source=\"modula\" data-srcset=\"https:\/\/ondrejroubik.eu\/en\/wp-content\/uploads\/2025\/06\/Subor-42-scaled.jpg 2560w, https:\/\/ondrejroubik.eu\/en\/wp-content\/uploads\/2025\/06\/Subor-42-300x225.jpg 300w, https:\/\/ondrejroubik.eu\/en\/wp-content\/uploads\/2025\/06\/Subor-42-1024x769.jpg 1024w, https:\/\/ondrejroubik.eu\/en\/wp-content\/uploads\/2025\/06\/Subor-42-768x577.jpg 768w, https:\/\/ondrejroubik.eu\/en\/wp-content\/uploads\/2025\/06\/Subor-42-1536x1153.jpg 1536w, https:\/\/ondrejroubik.eu\/en\/wp-content\/uploads\/2025\/06\/Subor-42-2048x1537.jpg 2048w\" data-sizes=\"(max-width: 2560px) 100vw, 2560px\" \/>\n\t\t<div class=\"figc no-description\">\n\t\t\t<div class=\"figc-inner\">\n\t\t\t\t\t\t\t\t\t\t\t\t\t\t\t<\/div>\n\t\t<\/div>\n\n\t<\/div>\n\n<\/div><div class=\"modula-item effect-pufrobo\" >\n\t<div class=\"modula-item-overlay\"><\/div>\n\n\t<div class=\"modula-item-content\">\n\n\t\t\t\t\n\t\t\t\t\t<a data-image-id=\"6623\" rel=\"jtg-6617\" data-caption=\"\" aria-label=\"Open image in lightbox\" class=\"tile-inner modula-item-link\"><\/a>\n\t\t\n\t\t<img class=\"pic wp-image-6623 lazyload\"  data-valign=\"middle\" data-halign=\"center\" alt=\"\" data-full=\"https:\/\/ondrejroubik.eu\/en\/wp-content\/uploads\/2025\/06\/Subor-49.jpg\" title=\"S\u00fabor 49\" width=\"2560\" height=\"1922\" data-src=\"https:\/\/ondrejroubik.eu\/en\/wp-content\/uploads\/2025\/06\/Subor-49.jpg\" data-caption=\"\" data-source=\"modula\" data-srcset=\"https:\/\/ondrejroubik.eu\/en\/wp-content\/uploads\/2025\/06\/Subor-49-scaled.jpg 2560w, https:\/\/ondrejroubik.eu\/en\/wp-content\/uploads\/2025\/06\/Subor-49-300x225.jpg 300w, https:\/\/ondrejroubik.eu\/en\/wp-content\/uploads\/2025\/06\/Subor-49-1024x769.jpg 1024w, https:\/\/ondrejroubik.eu\/en\/wp-content\/uploads\/2025\/06\/Subor-49-768x577.jpg 768w, https:\/\/ondrejroubik.eu\/en\/wp-content\/uploads\/2025\/06\/Subor-49-1536x1153.jpg 1536w, https:\/\/ondrejroubik.eu\/en\/wp-content\/uploads\/2025\/06\/Subor-49-2048x1537.jpg 2048w\" data-sizes=\"(max-width: 2560px) 100vw, 2560px\" \/>\n\t\t<div class=\"figc no-description\">\n\t\t\t<div class=\"figc-inner\">\n\t\t\t\t\t\t\t\t\t\t\t\t\t\t\t<\/div>\n\t\t<\/div>\n\n\t<\/div>\n\n<\/div><div class=\"modula-item effect-pufrobo\" >\n\t<div class=\"modula-item-overlay\"><\/div>\n\n\t<div class=\"modula-item-content\">\n\n\t\t\t\t\n\t\t\t\t\t<a data-image-id=\"6624\" rel=\"jtg-6617\" data-caption=\"\" aria-label=\"Open image in lightbox\" class=\"tile-inner modula-item-link\"><\/a>\n\t\t\n\t\t<img class=\"pic wp-image-6624 lazyload\"  data-valign=\"middle\" data-halign=\"center\" alt=\"\" data-full=\"https:\/\/ondrejroubik.eu\/en\/wp-content\/uploads\/2025\/06\/Subor-32.jpg\" title=\"S\u00fabor 32\" width=\"1922\" height=\"2560\" data-src=\"https:\/\/ondrejroubik.eu\/en\/wp-content\/uploads\/2025\/06\/Subor-32.jpg\" data-caption=\"\" data-source=\"modula\" data-srcset=\"https:\/\/ondrejroubik.eu\/en\/wp-content\/uploads\/2025\/06\/Subor-32-scaled.jpg 1922w, https:\/\/ondrejroubik.eu\/en\/wp-content\/uploads\/2025\/06\/Subor-32-225x300.jpg 225w, https:\/\/ondrejroubik.eu\/en\/wp-content\/uploads\/2025\/06\/Subor-32-769x1024.jpg 769w, https:\/\/ondrejroubik.eu\/en\/wp-content\/uploads\/2025\/06\/Subor-32-768x1023.jpg 768w, https:\/\/ondrejroubik.eu\/en\/wp-content\/uploads\/2025\/06\/Subor-32-1153x1536.jpg 1153w, https:\/\/ondrejroubik.eu\/en\/wp-content\/uploads\/2025\/06\/Subor-32-1537x2048.jpg 1537w\" data-sizes=\"(max-width: 1922px) 100vw, 1922px\" \/>\n\t\t<div class=\"figc no-description\">\n\t\t\t<div class=\"figc-inner\">\n\t\t\t\t\t\t\t\t\t\t\t\t\t\t\t<\/div>\n\t\t<\/div>\n\n\t<\/div>\n\n<\/div><div class=\"modula-item effect-pufrobo\" >\n\t<div class=\"modula-item-overlay\"><\/div>\n\n\t<div class=\"modula-item-content\">\n\n\t\t\t\t\n\t\t\t\t\t<a data-image-id=\"6625\" rel=\"jtg-6617\" data-caption=\"\" aria-label=\"Open image in lightbox\" class=\"tile-inner modula-item-link\"><\/a>\n\t\t\n\t\t<img class=\"pic wp-image-6625 lazyload\"  data-valign=\"middle\" data-halign=\"center\" alt=\"\" data-full=\"https:\/\/ondrejroubik.eu\/en\/wp-content\/uploads\/2025\/06\/Subor-41.jpg\" title=\"S\u00fabor 41\" width=\"2560\" height=\"1922\" data-src=\"https:\/\/ondrejroubik.eu\/en\/wp-content\/uploads\/2025\/06\/Subor-41.jpg\" data-caption=\"\" data-source=\"modula\" data-srcset=\"https:\/\/ondrejroubik.eu\/en\/wp-content\/uploads\/2025\/06\/Subor-41-scaled.jpg 2560w, https:\/\/ondrejroubik.eu\/en\/wp-content\/uploads\/2025\/06\/Subor-41-300x225.jpg 300w, https:\/\/ondrejroubik.eu\/en\/wp-content\/uploads\/2025\/06\/Subor-41-1024x769.jpg 1024w, https:\/\/ondrejroubik.eu\/en\/wp-content\/uploads\/2025\/06\/Subor-41-768x577.jpg 768w, https:\/\/ondrejroubik.eu\/en\/wp-content\/uploads\/2025\/06\/Subor-41-1536x1153.jpg 1536w, https:\/\/ondrejroubik.eu\/en\/wp-content\/uploads\/2025\/06\/Subor-41-2048x1537.jpg 2048w\" data-sizes=\"(max-width: 2560px) 100vw, 2560px\" \/>\n\t\t<div class=\"figc no-description\">\n\t\t\t<div class=\"figc-inner\">\n\t\t\t\t\t\t\t\t\t\t\t\t\t\t\t<\/div>\n\t\t<\/div>\n\n\t<\/div>\n\n<\/div><div class=\"modula-item effect-pufrobo\" >\n\t<div class=\"modula-item-overlay\"><\/div>\n\n\t<div class=\"modula-item-content\">\n\n\t\t\t\t\n\t\t\t\t\t<a data-image-id=\"6626\" rel=\"jtg-6617\" data-caption=\"\" aria-label=\"Open image in lightbox\" class=\"tile-inner modula-item-link\"><\/a>\n\t\t\n\t\t<img class=\"pic wp-image-6626 lazyload\"  data-valign=\"middle\" data-halign=\"center\" alt=\"\" data-full=\"https:\/\/ondrejroubik.eu\/en\/wp-content\/uploads\/2025\/06\/Subor-47.jpg\" title=\"S\u00fabor 47\" width=\"2560\" height=\"1922\" data-src=\"https:\/\/ondrejroubik.eu\/en\/wp-content\/uploads\/2025\/06\/Subor-47.jpg\" data-caption=\"\" data-source=\"modula\" data-srcset=\"https:\/\/ondrejroubik.eu\/en\/wp-content\/uploads\/2025\/06\/Subor-47-scaled.jpg 2560w, https:\/\/ondrejroubik.eu\/en\/wp-content\/uploads\/2025\/06\/Subor-47-300x225.jpg 300w, https:\/\/ondrejroubik.eu\/en\/wp-content\/uploads\/2025\/06\/Subor-47-1024x769.jpg 1024w, https:\/\/ondrejroubik.eu\/en\/wp-content\/uploads\/2025\/06\/Subor-47-768x577.jpg 768w, https:\/\/ondrejroubik.eu\/en\/wp-content\/uploads\/2025\/06\/Subor-47-1536x1153.jpg 1536w, https:\/\/ondrejroubik.eu\/en\/wp-content\/uploads\/2025\/06\/Subor-47-2048x1537.jpg 2048w\" data-sizes=\"(max-width: 2560px) 100vw, 2560px\" \/>\n\t\t<div class=\"figc no-description\">\n\t\t\t<div class=\"figc-inner\">\n\t\t\t\t\t\t\t\t\t\t\t\t\t\t\t<\/div>\n\t\t<\/div>\n\n\t<\/div>\n\n<\/div>\t\t\n\t<\/div>\n\n\t\n\t\n\t<script type=\"application\/ld+json\">\n\t{\n\t\t\"@context\": \"http:\/\/schema.org\",\n\t\t\"@type\"   : \"ImageGallery\",\n\t\t\"id\"      : \"https:\/\/ondrejroubik.eu\/en\/wp-json\/wp\/v2\/pages\/1457\",\n\t\t\"url\"     : \"https:\/\/ondrejroubik.eu\/en\/wp-json\/wp\/v2\/pages\/1457\"\n\t}\n\n    <\/script>\n\n\t\n<\/div>\n\n\n\n<h6 class=\"wp-block-heading has-text-align-center\">It Will Be Dark Soon&#8230; SPOT Gallery, Prague, 2025 <\/h6>\n\n\n<style>#jtg-1605 .modula-item .jtg-social a, .lightbox-socials.jtg-social a{ color: #ffffff }#jtg-1605 .modula-item .jtg-social svg, .lightbox-socials.jtg-social svg { height: 16px; width: 16px }#jtg-1605 .modula-item .jtg-social a:not(:last-child), .lightbox-socials.jtg-social a:not(:last-child) { margin-right: 10px }#jtg-1605 .modula-item .figc {color:#ffffff;}#jtg-1605 .modula-item .modula-item-content { transform: scale(1) }#jtg-1605 { width:100%;}#jtg-1605 .modula-items{height:800px;}@media screen and (max-width: 992px) {#jtg-1605 .modula-items{height:800px;}}@media screen and (max-width: 768px) {#jtg-1605 .modula-items{height:800px;}}#jtg-1605 .modula-items .figc p.description { font-size:14px; }#jtg-1605 .modula-items .figc p.description { color:#ffffff;}#jtg-1605.modula-gallery .modula-item > a, #jtg-1605.modula-gallery .modula-item, #jtg-1605.modula-gallery .modula-item-content > a:not(.modula-no-follow) { cursor:zoom-in; } #jtg-1605.modula-gallery .modula-item-content .modula-no-follow { cursor: default; } @media screen and (max-width:480px){#jtg-1605 .modula-item .figc .jtg-title {  font-size: 12px; }#jtg-1605 .modula-items .figc p.description { color:#ffffff;font-size:10px; }}<\/style>\n<!-- Gallery Container -->\n<div  id=\"jtg-1605\" class=\"modula modula-gallery modula-creative-gallery\" data-config=\"{&quot;height&quot;:800,&quot;tabletHeight&quot;:800,&quot;mobileHeight&quot;:800,&quot;desktopHeight&quot;:800,&quot;enableTwitter&quot;:false,&quot;enableWhatsapp&quot;:false,&quot;enableFacebook&quot;:false,&quot;enablePinterest&quot;:false,&quot;enableLinkedin&quot;:false,&quot;enableEmail&quot;:false,&quot;randomFactor&quot;:0,&quot;type&quot;:&quot;creative-gallery&quot;,&quot;columns&quot;:12,&quot;gutter&quot;:1,&quot;mobileGutter&quot;:1,&quot;tabletGutter&quot;:1,&quot;desktopGutter&quot;:1,&quot;enableResponsive&quot;:&quot;0&quot;,&quot;tabletColumns&quot;:2,&quot;mobileColumns&quot;:1,&quot;lazyLoad&quot;:true,&quot;lightboxOpts&quot;:{&quot;loop&quot;:false,&quot;arrows&quot;:true,&quot;toolbar&quot;:true,&quot;keyboard&quot;:true,&quot;wheel&quot;:false,&quot;buttons&quot;:[&quot;close&quot;],&quot;hash&quot;:false,&quot;lang&quot;:&quot;en&quot;,&quot;touch&quot;:false,&quot;protect&quot;:false,&quot;i18n&quot;:{&quot;en&quot;:{&quot;CLOSE&quot;:&quot;Close&quot;,&quot;NEXT&quot;:&quot;Next&quot;,&quot;PREV&quot;:&quot;Previous&quot;,&quot;Error&quot;:&quot;The requested content cannot be loaded. Please try again later.&quot;,&quot;PLAY_START&quot;:&quot;Start slideshow&quot;,&quot;PLAY_STOP&quot;:&quot;Pause slideshow&quot;,&quot;FULL_SCREEN&quot;:&quot;Full screen&quot;,&quot;THUMBS&quot;:&quot;Thumbnails&quot;,&quot;DOWNLOAD&quot;:&quot;Download&quot;,&quot;SHARE&quot;:&quot;Share&quot;,&quot;ZOOM&quot;:&quot;Zoom&quot;}},&quot;clickSlide&quot;:false,&quot;clickOutside&quot;:false,&quot;dblclickContent&quot;:false,&quot;dblclickSlide&quot;:false,&quot;dblclickOutside&quot;:false,&quot;clickContent&quot;:false,&quot;baseTpl&quot;:&quot;&lt;div class=\\&quot;modula-fancybox-container modula-lightbox-jtg-1605\\&quot; role=\\&quot;dialog\\&quot; tabindex=\\&quot;-1\\&quot;&gt;&lt;div class=\\&quot;modula-fancybox-bg\\&quot;&gt;&lt;\\\/div&gt;&lt;div class=\\&quot;modula-fancybox-inner\\&quot;&gt;&lt;div class=\\&quot;modula-fancybox-infobar\\&quot;&gt;&lt;span data-fancybox-index&gt;&lt;\\\/span&gt;&nbsp;\\\/&nbsp;&lt;span data-fancybox-count&gt;&lt;\\\/span&gt;&lt;\\\/div&gt;&lt;div class=\\&quot;modula-fancybox-toolbar\\&quot;&gt;{{buttons}}&lt;\\\/div&gt;&lt;div class=\\&quot;modula-fancybox-navigation\\&quot;&gt;{{arrows}}&lt;\\\/div&gt;&lt;div class=\\&quot;modula-fancybox-stage\\&quot;&gt;&lt;\\\/div&gt;&lt;div class=\\&quot;modula-fancybox-caption\\&quot;&gt;&lt;div class=\\&quot;modula-fancybox-caption__body\\&quot;&gt;&lt;\\\/div&gt;&lt;\\\/div&gt;&lt;\\\/div&gt;&lt;\\\/div&gt;&quot;},&quot;inView&quot;:false,&quot;email_subject&quot;:&quot;Check out this awesome image !!&quot;,&quot;email_message&quot;:&quot;Here is the link to the image : %%image_link%% and this is the link to the gallery : %%gallery_link%%&quot;,&quot;lightbox&quot;:&quot;fancybox&quot;}\">\n\n\t\n\t<!-- Items Container -->\n\t<div  class=\"modula-items\">\n\t\t<div class=\"modula-item effect-pufrobo\" >\n\t<div class=\"modula-item-overlay\"><\/div>\n\n\t<div class=\"modula-item-content\">\n\n\t\t\t\t\n\t\t\t\t\t<a data-image-id=\"1607\" rel=\"jtg-1605\" data-caption=\"The Red Bush, Nau Gallery, Prague, 2020\" aria-label=\"Open image in lightbox\" class=\"tile-inner modula-item-link\"><\/a>\n\t\t\n\t\t<img class=\"pic wp-image-1607 lazyload\"  data-valign=\"middle\" data-halign=\"center\" alt=\"\" data-full=\"https:\/\/ondrejroubik.eu\/en\/wp-content\/uploads\/2024\/02\/1.jpg\" title=\"The Red Bush, Nau Gallery, Prague, 2020\" width=\"2560\" height=\"1707\" data-src=\"https:\/\/ondrejroubik.eu\/en\/wp-content\/uploads\/2024\/02\/1.jpg\" data-caption=\"The Red Bush, Nau Gallery, Prague, 2020\" data-source=\"modula\" data-srcset=\"https:\/\/ondrejroubik.eu\/en\/wp-content\/uploads\/2024\/02\/1-scaled.jpg 2560w, https:\/\/ondrejroubik.eu\/en\/wp-content\/uploads\/2024\/02\/1-300x200.jpg 300w, https:\/\/ondrejroubik.eu\/en\/wp-content\/uploads\/2024\/02\/1-1024x683.jpg 1024w, https:\/\/ondrejroubik.eu\/en\/wp-content\/uploads\/2024\/02\/1-768x512.jpg 768w, https:\/\/ondrejroubik.eu\/en\/wp-content\/uploads\/2024\/02\/1-1536x1024.jpg 1536w, https:\/\/ondrejroubik.eu\/en\/wp-content\/uploads\/2024\/02\/1-2048x1366.jpg 2048w\" data-sizes=\"(max-width: 2560px) 100vw, 2560px\" \/>\n\t\t<div class=\"figc\">\n\t\t\t<div class=\"figc-inner\">\n\t\t\t\t\t\t\t\t\t\t\t\t\t<p class=\"description\">The Red Bush, Nau Gallery, Prague, 2020<\/p>\n\t\t\t\t\t\t\t\t\t\t\t<\/div>\n\t\t<\/div>\n\n\t<\/div>\n\n<\/div><div class=\"modula-item effect-pufrobo\" >\n\t<div class=\"modula-item-overlay\"><\/div>\n\n\t<div class=\"modula-item-content\">\n\n\t\t\t\t\n\t\t\t\t\t<a data-image-id=\"1608\" rel=\"jtg-1605\" data-caption=\"The Red Bush, Nau Gallery, Prague, 2020\" aria-label=\"Open image in lightbox\" class=\"tile-inner modula-item-link\"><\/a>\n\t\t\n\t\t<img class=\"pic wp-image-1608 lazyload\"  data-valign=\"middle\" data-halign=\"center\" alt=\"\" data-full=\"https:\/\/ondrejroubik.eu\/en\/wp-content\/uploads\/2024\/02\/2.jpg\" title=\"The Red Bush, Nau Gallery, Prague, 2020\" width=\"2560\" height=\"1706\" data-src=\"https:\/\/ondrejroubik.eu\/en\/wp-content\/uploads\/2024\/02\/2.jpg\" data-caption=\"The Red Bush, Nau Gallery, Prague, 2020\" data-source=\"modula\" data-srcset=\"https:\/\/ondrejroubik.eu\/en\/wp-content\/uploads\/2024\/02\/2-scaled.jpg 2560w, https:\/\/ondrejroubik.eu\/en\/wp-content\/uploads\/2024\/02\/2-300x200.jpg 300w, https:\/\/ondrejroubik.eu\/en\/wp-content\/uploads\/2024\/02\/2-1024x683.jpg 1024w, https:\/\/ondrejroubik.eu\/en\/wp-content\/uploads\/2024\/02\/2-768x512.jpg 768w, https:\/\/ondrejroubik.eu\/en\/wp-content\/uploads\/2024\/02\/2-1536x1024.jpg 1536w, https:\/\/ondrejroubik.eu\/en\/wp-content\/uploads\/2024\/02\/2-2048x1365.jpg 2048w\" data-sizes=\"(max-width: 2560px) 100vw, 2560px\" \/>\n\t\t<div class=\"figc\">\n\t\t\t<div class=\"figc-inner\">\n\t\t\t\t\t\t\t\t\t\t\t\t\t<p class=\"description\">The Red Bush, Nau Gallery, Prague, 2020<\/p>\n\t\t\t\t\t\t\t\t\t\t\t<\/div>\n\t\t<\/div>\n\n\t<\/div>\n\n<\/div><div class=\"modula-item effect-pufrobo\" >\n\t<div class=\"modula-item-overlay\"><\/div>\n\n\t<div class=\"modula-item-content\">\n\n\t\t\t\t\n\t\t\t\t\t<a data-image-id=\"1606\" rel=\"jtg-1605\" data-caption=\"The Red Bush, Nau Gallery, Prague, 2020\" aria-label=\"Open image in lightbox\" class=\"tile-inner modula-item-link\"><\/a>\n\t\t\n\t\t<img class=\"pic wp-image-1606 lazyload\"  data-valign=\"middle\" data-halign=\"center\" alt=\"\" data-full=\"https:\/\/ondrejroubik.eu\/en\/wp-content\/uploads\/2024\/02\/3.jpg\" title=\"The Red Bush, Nau Gallery, Prague, 2020\" width=\"1707\" height=\"2560\" data-src=\"https:\/\/ondrejroubik.eu\/en\/wp-content\/uploads\/2024\/02\/3.jpg\" data-caption=\"The Red Bush, Nau Gallery, Prague, 2020\" data-source=\"modula\" data-srcset=\"https:\/\/ondrejroubik.eu\/en\/wp-content\/uploads\/2024\/02\/3-scaled.jpg 1707w, https:\/\/ondrejroubik.eu\/en\/wp-content\/uploads\/2024\/02\/3-200x300.jpg 200w, https:\/\/ondrejroubik.eu\/en\/wp-content\/uploads\/2024\/02\/3-683x1024.jpg 683w, https:\/\/ondrejroubik.eu\/en\/wp-content\/uploads\/2024\/02\/3-768x1152.jpg 768w, https:\/\/ondrejroubik.eu\/en\/wp-content\/uploads\/2024\/02\/3-1024x1536.jpg 1024w, https:\/\/ondrejroubik.eu\/en\/wp-content\/uploads\/2024\/02\/3-1365x2048.jpg 1365w\" data-sizes=\"(max-width: 1707px) 100vw, 1707px\" \/>\n\t\t<div class=\"figc\">\n\t\t\t<div class=\"figc-inner\">\n\t\t\t\t\t\t\t\t\t\t\t\t\t<p class=\"description\">The Red Bush, Nau Gallery, Prague, 2020<\/p>\n\t\t\t\t\t\t\t\t\t\t\t<\/div>\n\t\t<\/div>\n\n\t<\/div>\n\n<\/div>\t\t\n\t<\/div>\n\n\t\n\t\n\t<script type=\"application\/ld+json\">\n\t{\n\t\t\"@context\": \"http:\/\/schema.org\",\n\t\t\"@type\"   : \"ImageGallery\",\n\t\t\"id\"      : \"https:\/\/ondrejroubik.eu\/en\/wp-json\/wp\/v2\/pages\/1457\",\n\t\t\"url\"     : \"https:\/\/ondrejroubik.eu\/en\/wp-json\/wp\/v2\/pages\/1457\"\n\t}\n\n    <\/script>\n\n\t\n<\/div>\n\n\n\n<h6 class=\"wp-block-heading has-text-align-center\">The Red Bush, Nau Gallery, Prague, 2020<\/h6>\n\n\n\n<div style=\"height:50px\" aria-hidden=\"true\" class=\"wp-block-spacer\"><\/div>\n\n\n<style>#jtg-1609 .modula-item .jtg-social a, .lightbox-socials.jtg-social a{ color: #ffffff }#jtg-1609 .modula-item .jtg-social svg, .lightbox-socials.jtg-social svg { height: 16px; width: 16px }#jtg-1609 .modula-item .jtg-social a:not(:last-child), .lightbox-socials.jtg-social a:not(:last-child) { margin-right: 10px }#jtg-1609 .modula-item .figc {color:#ffffff;}#jtg-1609 .modula-item .modula-item-content { transform: scale(1) }#jtg-1609 { width:100%;}#jtg-1609 .modula-items{height:800px;}@media screen and (max-width: 992px) {#jtg-1609 .modula-items{height:800px;}}@media screen and (max-width: 768px) {#jtg-1609 .modula-items{height:800px;}}#jtg-1609 .modula-items .figc p.description { font-size:14px; }#jtg-1609 .modula-items .figc p.description { color:#ffffff;}#jtg-1609.modula-gallery .modula-item > a, #jtg-1609.modula-gallery .modula-item, #jtg-1609.modula-gallery .modula-item-content > a:not(.modula-no-follow) { cursor:zoom-in; } #jtg-1609.modula-gallery .modula-item-content .modula-no-follow { cursor: default; } @media screen and (max-width:480px){#jtg-1609 .modula-item .figc .jtg-title {  font-size: 12px; }#jtg-1609 .modula-items .figc p.description { color:#ffffff;font-size:10px; }}<\/style>\n<!-- Gallery Container -->\n<div  id=\"jtg-1609\" class=\"modula modula-gallery modula-creative-gallery\" data-config=\"{&quot;height&quot;:800,&quot;tabletHeight&quot;:800,&quot;mobileHeight&quot;:800,&quot;desktopHeight&quot;:800,&quot;enableTwitter&quot;:false,&quot;enableWhatsapp&quot;:false,&quot;enableFacebook&quot;:false,&quot;enablePinterest&quot;:false,&quot;enableLinkedin&quot;:false,&quot;enableEmail&quot;:false,&quot;randomFactor&quot;:0,&quot;type&quot;:&quot;creative-gallery&quot;,&quot;columns&quot;:12,&quot;gutter&quot;:1,&quot;mobileGutter&quot;:1,&quot;tabletGutter&quot;:1,&quot;desktopGutter&quot;:1,&quot;enableResponsive&quot;:&quot;0&quot;,&quot;tabletColumns&quot;:2,&quot;mobileColumns&quot;:1,&quot;lazyLoad&quot;:true,&quot;lightboxOpts&quot;:{&quot;loop&quot;:false,&quot;arrows&quot;:true,&quot;toolbar&quot;:true,&quot;keyboard&quot;:true,&quot;wheel&quot;:false,&quot;buttons&quot;:[&quot;close&quot;],&quot;hash&quot;:false,&quot;lang&quot;:&quot;en&quot;,&quot;touch&quot;:false,&quot;protect&quot;:false,&quot;i18n&quot;:{&quot;en&quot;:{&quot;CLOSE&quot;:&quot;Close&quot;,&quot;NEXT&quot;:&quot;Next&quot;,&quot;PREV&quot;:&quot;Previous&quot;,&quot;Error&quot;:&quot;The requested content cannot be loaded. Please try again later.&quot;,&quot;PLAY_START&quot;:&quot;Start slideshow&quot;,&quot;PLAY_STOP&quot;:&quot;Pause slideshow&quot;,&quot;FULL_SCREEN&quot;:&quot;Full screen&quot;,&quot;THUMBS&quot;:&quot;Thumbnails&quot;,&quot;DOWNLOAD&quot;:&quot;Download&quot;,&quot;SHARE&quot;:&quot;Share&quot;,&quot;ZOOM&quot;:&quot;Zoom&quot;}},&quot;clickSlide&quot;:false,&quot;clickOutside&quot;:false,&quot;dblclickContent&quot;:false,&quot;dblclickSlide&quot;:false,&quot;dblclickOutside&quot;:false,&quot;clickContent&quot;:false,&quot;baseTpl&quot;:&quot;&lt;div class=\\&quot;modula-fancybox-container modula-lightbox-jtg-1609\\&quot; role=\\&quot;dialog\\&quot; tabindex=\\&quot;-1\\&quot;&gt;&lt;div class=\\&quot;modula-fancybox-bg\\&quot;&gt;&lt;\\\/div&gt;&lt;div class=\\&quot;modula-fancybox-inner\\&quot;&gt;&lt;div class=\\&quot;modula-fancybox-infobar\\&quot;&gt;&lt;span data-fancybox-index&gt;&lt;\\\/span&gt;&nbsp;\\\/&nbsp;&lt;span data-fancybox-count&gt;&lt;\\\/span&gt;&lt;\\\/div&gt;&lt;div class=\\&quot;modula-fancybox-toolbar\\&quot;&gt;{{buttons}}&lt;\\\/div&gt;&lt;div class=\\&quot;modula-fancybox-navigation\\&quot;&gt;{{arrows}}&lt;\\\/div&gt;&lt;div class=\\&quot;modula-fancybox-stage\\&quot;&gt;&lt;\\\/div&gt;&lt;div class=\\&quot;modula-fancybox-caption\\&quot;&gt;&lt;div class=\\&quot;modula-fancybox-caption__body\\&quot;&gt;&lt;\\\/div&gt;&lt;\\\/div&gt;&lt;\\\/div&gt;&lt;\\\/div&gt;&quot;},&quot;inView&quot;:false,&quot;email_subject&quot;:&quot;Check out this awesome image !!&quot;,&quot;email_message&quot;:&quot;Here is the link to the image : %%image_link%% and this is the link to the gallery : %%gallery_link%%&quot;,&quot;lightbox&quot;:&quot;fancybox&quot;}\">\n\n\t\n\t<!-- Items Container -->\n\t<div  class=\"modula-items\">\n\t\t<div class=\"modula-item effect-pufrobo\" >\n\t<div class=\"modula-item-overlay\"><\/div>\n\n\t<div class=\"modula-item-content\">\n\n\t\t\t\t\n\t\t\t\t\t<a data-image-id=\"1613\" rel=\"jtg-1609\" data-caption=\"Open lines, with Martin Matou\u0161ek, Felix Jenewein Gallery, Kutn\u00e1 hora, 2020\" aria-label=\"Open image in lightbox\" class=\"tile-inner modula-item-link\"><\/a>\n\t\t\n\t\t<img class=\"pic wp-image-1613 lazyload\"  data-valign=\"middle\" data-halign=\"center\" alt=\"\" data-full=\"https:\/\/ondrejroubik.eu\/en\/wp-content\/uploads\/2024\/02\/1-1.jpg\" title=\"Open lines, with Martin Matou\u0161ek, Felix Jenewein Gallery, Kutn\u00e1 hora, 2020\" width=\"2560\" height=\"1706\" data-src=\"https:\/\/ondrejroubik.eu\/en\/wp-content\/uploads\/2024\/02\/1-1.jpg\" data-caption=\"Open lines, with Martin Matou\u0161ek, Felix Jenewein Gallery, Kutn\u00e1 hora, 2020\" data-source=\"modula\" data-srcset=\"https:\/\/ondrejroubik.eu\/en\/wp-content\/uploads\/2024\/02\/1-1-scaled.jpg 2560w, https:\/\/ondrejroubik.eu\/en\/wp-content\/uploads\/2024\/02\/1-1-300x200.jpg 300w, https:\/\/ondrejroubik.eu\/en\/wp-content\/uploads\/2024\/02\/1-1-1024x683.jpg 1024w, https:\/\/ondrejroubik.eu\/en\/wp-content\/uploads\/2024\/02\/1-1-768x512.jpg 768w, https:\/\/ondrejroubik.eu\/en\/wp-content\/uploads\/2024\/02\/1-1-1536x1024.jpg 1536w, https:\/\/ondrejroubik.eu\/en\/wp-content\/uploads\/2024\/02\/1-1-2048x1365.jpg 2048w\" data-sizes=\"(max-width: 2560px) 100vw, 2560px\" \/>\n\t\t<div class=\"figc\">\n\t\t\t<div class=\"figc-inner\">\n\t\t\t\t\t\t\t\t\t\t\t\t\t<p class=\"description\">Open lines, with Martin Matou\u0161ek, Felix Jenewein Gallery, Kutn\u00e1 hora, 2020<\/p>\n\t\t\t\t\t\t\t\t\t\t\t<\/div>\n\t\t<\/div>\n\n\t<\/div>\n\n<\/div><div class=\"modula-item effect-pufrobo\" >\n\t<div class=\"modula-item-overlay\"><\/div>\n\n\t<div class=\"modula-item-content\">\n\n\t\t\t\t\n\t\t\t\t\t<a data-image-id=\"1614\" rel=\"jtg-1609\" data-caption=\"Open lines, with Martin Matou\u0161ek, Felix Jenewein Gallery, Kutn\u00e1 hora, 2020\" aria-label=\"Open image in lightbox\" class=\"tile-inner modula-item-link\"><\/a>\n\t\t\n\t\t<img class=\"pic wp-image-1614 lazyload\"  data-valign=\"middle\" data-halign=\"center\" alt=\"\" data-full=\"https:\/\/ondrejroubik.eu\/en\/wp-content\/uploads\/2024\/02\/2-1.jpg\" title=\"Open lines, with Martin Matou\u0161ek, Felix Jenewein Gallery, Kutn\u00e1 hora, 2020\" width=\"2560\" height=\"1707\" data-src=\"https:\/\/ondrejroubik.eu\/en\/wp-content\/uploads\/2024\/02\/2-1.jpg\" data-caption=\"Open lines, with Martin Matou\u0161ek, Felix Jenewein Gallery, Kutn\u00e1 hora, 2020\" data-source=\"modula\" data-srcset=\"https:\/\/ondrejroubik.eu\/en\/wp-content\/uploads\/2024\/02\/2-1-scaled.jpg 2560w, https:\/\/ondrejroubik.eu\/en\/wp-content\/uploads\/2024\/02\/2-1-300x200.jpg 300w, https:\/\/ondrejroubik.eu\/en\/wp-content\/uploads\/2024\/02\/2-1-1024x683.jpg 1024w, https:\/\/ondrejroubik.eu\/en\/wp-content\/uploads\/2024\/02\/2-1-768x512.jpg 768w, https:\/\/ondrejroubik.eu\/en\/wp-content\/uploads\/2024\/02\/2-1-1536x1024.jpg 1536w, https:\/\/ondrejroubik.eu\/en\/wp-content\/uploads\/2024\/02\/2-1-2048x1365.jpg 2048w\" data-sizes=\"(max-width: 2560px) 100vw, 2560px\" \/>\n\t\t<div class=\"figc\">\n\t\t\t<div class=\"figc-inner\">\n\t\t\t\t\t\t\t\t\t\t\t\t\t<p class=\"description\">Open lines, with Martin Matou\u0161ek, Felix Jenewein Gallery, Kutn\u00e1 hora, 2020<\/p>\n\t\t\t\t\t\t\t\t\t\t\t<\/div>\n\t\t<\/div>\n\n\t<\/div>\n\n<\/div><div class=\"modula-item effect-pufrobo\" >\n\t<div class=\"modula-item-overlay\"><\/div>\n\n\t<div class=\"modula-item-content\">\n\n\t\t\t\t\n\t\t\t\t\t<a data-image-id=\"1610\" rel=\"jtg-1609\" data-caption=\"Open lines, with Martin Matou\u0161ek, Felix Jenewein Gallery, Kutn\u00e1 hora, 2020\" aria-label=\"Open image in lightbox\" class=\"tile-inner modula-item-link\"><\/a>\n\t\t\n\t\t<img class=\"pic wp-image-1610 lazyload\"  data-valign=\"middle\" data-halign=\"center\" alt=\"\" data-full=\"https:\/\/ondrejroubik.eu\/en\/wp-content\/uploads\/2024\/02\/3.-2020-8.-Otevrene-rady-s-Martinem-Matouskem-Galerie-Felixe-Jeneweina-Kutna-hora.jpg\" title=\"Open lines, with Martin Matou\u0161ek, Felix Jenewein Gallery, Kutn\u00e1 hora, 2020\" width=\"2560\" height=\"1707\" data-src=\"https:\/\/ondrejroubik.eu\/en\/wp-content\/uploads\/2024\/02\/3.-2020-8.-Otevrene-rady-s-Martinem-Matouskem-Galerie-Felixe-Jeneweina-Kutna-hora.jpg\" data-caption=\"Open lines, with Martin Matou\u0161ek, Felix Jenewein Gallery, Kutn\u00e1 hora, 2020\" data-source=\"modula\" data-srcset=\"https:\/\/ondrejroubik.eu\/en\/wp-content\/uploads\/2024\/02\/3.-2020-8.-Otevrene-rady-s-Martinem-Matouskem-Galerie-Felixe-Jeneweina-Kutna-hora-scaled.jpg 2560w, https:\/\/ondrejroubik.eu\/en\/wp-content\/uploads\/2024\/02\/3.-2020-8.-Otevrene-rady-s-Martinem-Matouskem-Galerie-Felixe-Jeneweina-Kutna-hora-300x200.jpg 300w, https:\/\/ondrejroubik.eu\/en\/wp-content\/uploads\/2024\/02\/3.-2020-8.-Otevrene-rady-s-Martinem-Matouskem-Galerie-Felixe-Jeneweina-Kutna-hora-1024x683.jpg 1024w, https:\/\/ondrejroubik.eu\/en\/wp-content\/uploads\/2024\/02\/3.-2020-8.-Otevrene-rady-s-Martinem-Matouskem-Galerie-Felixe-Jeneweina-Kutna-hora-768x512.jpg 768w, https:\/\/ondrejroubik.eu\/en\/wp-content\/uploads\/2024\/02\/3.-2020-8.-Otevrene-rady-s-Martinem-Matouskem-Galerie-Felixe-Jeneweina-Kutna-hora-1536x1024.jpg 1536w, https:\/\/ondrejroubik.eu\/en\/wp-content\/uploads\/2024\/02\/3.-2020-8.-Otevrene-rady-s-Martinem-Matouskem-Galerie-Felixe-Jeneweina-Kutna-hora-2048x1366.jpg 2048w\" data-sizes=\"(max-width: 2560px) 100vw, 2560px\" \/>\n\t\t<div class=\"figc\">\n\t\t\t<div class=\"figc-inner\">\n\t\t\t\t\t\t\t\t\t\t\t\t\t<p class=\"description\">Open lines, with Martin Matou\u0161ek, Felix Jenewein Gallery, Kutn\u00e1 hora, 2020<\/p>\n\t\t\t\t\t\t\t\t\t\t\t<\/div>\n\t\t<\/div>\n\n\t<\/div>\n\n<\/div><div class=\"modula-item effect-pufrobo\" >\n\t<div class=\"modula-item-overlay\"><\/div>\n\n\t<div class=\"modula-item-content\">\n\n\t\t\t\t\n\t\t\t\t\t<a data-image-id=\"1611\" rel=\"jtg-1609\" data-caption=\"Open lines, with Martin Matou\u0161ek, Felix Jenewein Gallery, Kutn\u00e1 hora, 2020\" aria-label=\"Open image in lightbox\" class=\"tile-inner modula-item-link\"><\/a>\n\t\t\n\t\t<img class=\"pic wp-image-1611 lazyload\"  data-valign=\"middle\" data-halign=\"center\" alt=\"\" data-full=\"https:\/\/ondrejroubik.eu\/en\/wp-content\/uploads\/2024\/02\/4.-.-Otevrene-rady-s-Martinem-Matouskem-Galerie-Felixe-Jeneweina-Kutna-hora.jpg\" title=\"Open lines, with Martin Matou\u0161ek, Felix Jenewein Gallery, Kutn\u00e1 hora, 2020\" width=\"2560\" height=\"1707\" data-src=\"https:\/\/ondrejroubik.eu\/en\/wp-content\/uploads\/2024\/02\/4.-.-Otevrene-rady-s-Martinem-Matouskem-Galerie-Felixe-Jeneweina-Kutna-hora.jpg\" data-caption=\"Open lines, with Martin Matou\u0161ek, Felix Jenewein Gallery, Kutn\u00e1 hora, 2020\" data-source=\"modula\" data-srcset=\"https:\/\/ondrejroubik.eu\/en\/wp-content\/uploads\/2024\/02\/4.-.-Otevrene-rady-s-Martinem-Matouskem-Galerie-Felixe-Jeneweina-Kutna-hora-scaled.jpg 2560w, https:\/\/ondrejroubik.eu\/en\/wp-content\/uploads\/2024\/02\/4.-.-Otevrene-rady-s-Martinem-Matouskem-Galerie-Felixe-Jeneweina-Kutna-hora-300x200.jpg 300w, https:\/\/ondrejroubik.eu\/en\/wp-content\/uploads\/2024\/02\/4.-.-Otevrene-rady-s-Martinem-Matouskem-Galerie-Felixe-Jeneweina-Kutna-hora-1024x683.jpg 1024w, https:\/\/ondrejroubik.eu\/en\/wp-content\/uploads\/2024\/02\/4.-.-Otevrene-rady-s-Martinem-Matouskem-Galerie-Felixe-Jeneweina-Kutna-hora-768x512.jpg 768w, https:\/\/ondrejroubik.eu\/en\/wp-content\/uploads\/2024\/02\/4.-.-Otevrene-rady-s-Martinem-Matouskem-Galerie-Felixe-Jeneweina-Kutna-hora-1536x1024.jpg 1536w, https:\/\/ondrejroubik.eu\/en\/wp-content\/uploads\/2024\/02\/4.-.-Otevrene-rady-s-Martinem-Matouskem-Galerie-Felixe-Jeneweina-Kutna-hora-2048x1365.jpg 2048w\" data-sizes=\"(max-width: 2560px) 100vw, 2560px\" \/>\n\t\t<div class=\"figc\">\n\t\t\t<div class=\"figc-inner\">\n\t\t\t\t\t\t\t\t\t\t\t\t\t<p class=\"description\">Open lines, with Martin Matou\u0161ek, Felix Jenewein Gallery, Kutn\u00e1 hora, 2020<\/p>\n\t\t\t\t\t\t\t\t\t\t\t<\/div>\n\t\t<\/div>\n\n\t<\/div>\n\n<\/div>\t\t\n\t<\/div>\n\n\t\n\t\n\t<script type=\"application\/ld+json\">\n\t{\n\t\t\"@context\": \"http:\/\/schema.org\",\n\t\t\"@type\"   : \"ImageGallery\",\n\t\t\"id\"      : \"https:\/\/ondrejroubik.eu\/en\/wp-json\/wp\/v2\/pages\/1457\",\n\t\t\"url\"     : \"https:\/\/ondrejroubik.eu\/en\/wp-json\/wp\/v2\/pages\/1457\"\n\t}\n\n    <\/script>\n\n\t\n<\/div>\n\n\n\n<h6 class=\"wp-block-heading has-text-align-center\">Open lines, with Martin Matou\u0161ek, <br>Felix Jenewein Gallery, Kutn\u00e1 hora, 2020<\/h6>\n\n\n\n<div style=\"height:50px\" aria-hidden=\"true\" class=\"wp-block-spacer\"><\/div>\n\n\n<style>#jtg-1615 .modula-item .jtg-social a, .lightbox-socials.jtg-social a{ color: #ffffff }#jtg-1615 .modula-item .jtg-social svg, .lightbox-socials.jtg-social svg { height: 16px; width: 16px }#jtg-1615 .modula-item .jtg-social a:not(:last-child), .lightbox-socials.jtg-social a:not(:last-child) { margin-right: 10px }#jtg-1615 .modula-item .figc {color:#ffffff;}#jtg-1615 .modula-item .modula-item-content { transform: scale(1) }#jtg-1615 { width:100%;}#jtg-1615 .modula-items{height:800px;}@media screen and (max-width: 992px) {#jtg-1615 .modula-items{height:800px;}}@media screen and (max-width: 768px) {#jtg-1615 .modula-items{height:800px;}}#jtg-1615 .modula-items .figc p.description { font-size:14px; }#jtg-1615 .modula-items .figc p.description { color:#ffffff;}#jtg-1615.modula-gallery .modula-item > a, #jtg-1615.modula-gallery .modula-item, #jtg-1615.modula-gallery .modula-item-content > a:not(.modula-no-follow) { cursor:zoom-in; } #jtg-1615.modula-gallery .modula-item-content .modula-no-follow { cursor: default; } @media screen and (max-width:480px){#jtg-1615 .modula-item .figc .jtg-title {  font-size: 12px; }#jtg-1615 .modula-items .figc p.description { color:#ffffff;font-size:10px; }}<\/style>\n<!-- Gallery Container -->\n<div  id=\"jtg-1615\" class=\"modula modula-gallery modula-creative-gallery\" data-config=\"{&quot;height&quot;:800,&quot;tabletHeight&quot;:800,&quot;mobileHeight&quot;:800,&quot;desktopHeight&quot;:800,&quot;enableTwitter&quot;:false,&quot;enableWhatsapp&quot;:false,&quot;enableFacebook&quot;:false,&quot;enablePinterest&quot;:false,&quot;enableLinkedin&quot;:false,&quot;enableEmail&quot;:false,&quot;randomFactor&quot;:0,&quot;type&quot;:&quot;creative-gallery&quot;,&quot;columns&quot;:12,&quot;gutter&quot;:1,&quot;mobileGutter&quot;:1,&quot;tabletGutter&quot;:1,&quot;desktopGutter&quot;:1,&quot;enableResponsive&quot;:&quot;0&quot;,&quot;tabletColumns&quot;:2,&quot;mobileColumns&quot;:1,&quot;lazyLoad&quot;:true,&quot;lightboxOpts&quot;:{&quot;loop&quot;:false,&quot;arrows&quot;:true,&quot;toolbar&quot;:true,&quot;keyboard&quot;:true,&quot;wheel&quot;:false,&quot;buttons&quot;:[&quot;close&quot;],&quot;hash&quot;:false,&quot;lang&quot;:&quot;en&quot;,&quot;touch&quot;:false,&quot;protect&quot;:false,&quot;i18n&quot;:{&quot;en&quot;:{&quot;CLOSE&quot;:&quot;Close&quot;,&quot;NEXT&quot;:&quot;Next&quot;,&quot;PREV&quot;:&quot;Previous&quot;,&quot;Error&quot;:&quot;The requested content cannot be loaded. Please try again later.&quot;,&quot;PLAY_START&quot;:&quot;Start slideshow&quot;,&quot;PLAY_STOP&quot;:&quot;Pause slideshow&quot;,&quot;FULL_SCREEN&quot;:&quot;Full screen&quot;,&quot;THUMBS&quot;:&quot;Thumbnails&quot;,&quot;DOWNLOAD&quot;:&quot;Download&quot;,&quot;SHARE&quot;:&quot;Share&quot;,&quot;ZOOM&quot;:&quot;Zoom&quot;}},&quot;clickSlide&quot;:false,&quot;clickOutside&quot;:false,&quot;dblclickContent&quot;:false,&quot;dblclickSlide&quot;:false,&quot;dblclickOutside&quot;:false,&quot;clickContent&quot;:false,&quot;baseTpl&quot;:&quot;&lt;div class=\\&quot;modula-fancybox-container modula-lightbox-jtg-1615\\&quot; role=\\&quot;dialog\\&quot; tabindex=\\&quot;-1\\&quot;&gt;&lt;div class=\\&quot;modula-fancybox-bg\\&quot;&gt;&lt;\\\/div&gt;&lt;div class=\\&quot;modula-fancybox-inner\\&quot;&gt;&lt;div class=\\&quot;modula-fancybox-infobar\\&quot;&gt;&lt;span data-fancybox-index&gt;&lt;\\\/span&gt;&nbsp;\\\/&nbsp;&lt;span data-fancybox-count&gt;&lt;\\\/span&gt;&lt;\\\/div&gt;&lt;div class=\\&quot;modula-fancybox-toolbar\\&quot;&gt;{{buttons}}&lt;\\\/div&gt;&lt;div class=\\&quot;modula-fancybox-navigation\\&quot;&gt;{{arrows}}&lt;\\\/div&gt;&lt;div class=\\&quot;modula-fancybox-stage\\&quot;&gt;&lt;\\\/div&gt;&lt;div class=\\&quot;modula-fancybox-caption\\&quot;&gt;&lt;div class=\\&quot;modula-fancybox-caption__body\\&quot;&gt;&lt;\\\/div&gt;&lt;\\\/div&gt;&lt;\\\/div&gt;&lt;\\\/div&gt;&quot;},&quot;inView&quot;:false,&quot;email_subject&quot;:&quot;Check out this awesome image !!&quot;,&quot;email_message&quot;:&quot;Here is the link to the image : %%image_link%% and this is the link to the gallery : %%gallery_link%%&quot;,&quot;lightbox&quot;:&quot;fancybox&quot;}\">\n\n\t\n\t<!-- Items Container -->\n\t<div  class=\"modula-items\">\n\t\t<div class=\"modula-item effect-pufrobo\" >\n\t<div class=\"modula-item-overlay\"><\/div>\n\n\t<div class=\"modula-item-content\">\n\n\t\t\t\t\n\t\t\t\t\t<a data-image-id=\"1617\" rel=\"jtg-1615\" data-caption=\"TROJ, with Petr Malina and Pavel \u0160m\u00edd, Nov\u00e1 galerie, Prague 2018\" aria-label=\"Open image in lightbox\" class=\"tile-inner modula-item-link\"><\/a>\n\t\t\n\t\t<img class=\"pic wp-image-1617 lazyload\"  data-valign=\"middle\" data-halign=\"center\" alt=\"\" data-full=\"https:\/\/ondrejroubik.eu\/en\/wp-content\/uploads\/2024\/02\/1.-2018-3.-TROJ-s-Petrem-Malinou-a-Pavlem-Smidem-Nova-galerie-Praha-pohled-do-expozice.jpg\" title=\"TROJ, with Petr Malina and Pavel \u0160m\u00edd, Nov\u00e1 galerie, Prague 2018\" width=\"1280\" height=\"853\" data-src=\"https:\/\/ondrejroubik.eu\/en\/wp-content\/uploads\/2024\/02\/1.-2018-3.-TROJ-s-Petrem-Malinou-a-Pavlem-Smidem-Nova-galerie-Praha-pohled-do-expozice.jpg\" data-caption=\"TROJ, with Petr Malina and Pavel \u0160m\u00edd, Nov\u00e1 galerie, Prague 2018\" data-source=\"modula\" data-srcset=\"https:\/\/ondrejroubik.eu\/en\/wp-content\/uploads\/2024\/02\/1.-2018-3.-TROJ-s-Petrem-Malinou-a-Pavlem-Smidem-Nova-galerie-Praha-pohled-do-expozice.jpg 1280w, https:\/\/ondrejroubik.eu\/en\/wp-content\/uploads\/2024\/02\/1.-2018-3.-TROJ-s-Petrem-Malinou-a-Pavlem-Smidem-Nova-galerie-Praha-pohled-do-expozice-300x200.jpg 300w, https:\/\/ondrejroubik.eu\/en\/wp-content\/uploads\/2024\/02\/1.-2018-3.-TROJ-s-Petrem-Malinou-a-Pavlem-Smidem-Nova-galerie-Praha-pohled-do-expozice-1024x682.jpg 1024w, https:\/\/ondrejroubik.eu\/en\/wp-content\/uploads\/2024\/02\/1.-2018-3.-TROJ-s-Petrem-Malinou-a-Pavlem-Smidem-Nova-galerie-Praha-pohled-do-expozice-768x512.jpg 768w\" data-sizes=\"(max-width: 1280px) 100vw, 1280px\" srcset=\"https:\/\/ondrejroubik.eu\/en\/wp-content\/uploads\/2024\/02\/1.-2018-3.-TROJ-s-Petrem-Malinou-a-Pavlem-Smidem-Nova-galerie-Praha-pohled-do-expozice.jpg 1280w, https:\/\/ondrejroubik.eu\/en\/wp-content\/uploads\/2024\/02\/1.-2018-3.-TROJ-s-Petrem-Malinou-a-Pavlem-Smidem-Nova-galerie-Praha-pohled-do-expozice-300x200.jpg 300w, https:\/\/ondrejroubik.eu\/en\/wp-content\/uploads\/2024\/02\/1.-2018-3.-TROJ-s-Petrem-Malinou-a-Pavlem-Smidem-Nova-galerie-Praha-pohled-do-expozice-1024x682.jpg 1024w, https:\/\/ondrejroubik.eu\/en\/wp-content\/uploads\/2024\/02\/1.-2018-3.-TROJ-s-Petrem-Malinou-a-Pavlem-Smidem-Nova-galerie-Praha-pohled-do-expozice-768x512.jpg 768w\" sizes=\"(max-width: 1280px) 100vw, 1280px\" \/>\n\t\t<div class=\"figc\">\n\t\t\t<div class=\"figc-inner\">\n\t\t\t\t\t\t\t\t\t\t\t\t\t<p class=\"description\">TROJ, with Petr Malina and Pavel \u0160m\u00edd, Nov\u00e1 galerie, Prague 2018<\/p>\n\t\t\t\t\t\t\t\t\t\t\t<\/div>\n\t\t<\/div>\n\n\t<\/div>\n\n<\/div><div class=\"modula-item effect-pufrobo\" >\n\t<div class=\"modula-item-overlay\"><\/div>\n\n\t<div class=\"modula-item-content\">\n\n\t\t\t\t\n\t\t\t\t\t<a data-image-id=\"1618\" rel=\"jtg-1615\" data-caption=\"TROJ, with Petr Malina and Pavel \u0160m\u00edd, Nov\u00e1 galerie, Prague 2018\" aria-label=\"Open image in lightbox\" class=\"tile-inner modula-item-link\"><\/a>\n\t\t\n\t\t<img class=\"pic wp-image-1618 lazyload\"  data-valign=\"middle\" data-halign=\"center\" alt=\"\" data-full=\"https:\/\/ondrejroubik.eu\/en\/wp-content\/uploads\/2024\/02\/2.-2018-5.-TROJ-s-Petrem-Malinou-a-Pavlem-Smidem-Nova-galerie-Praha-pohled-do-expozice.jpg\" title=\"TROJ, with Petr Malina and Pavel \u0160m\u00edd, Nov\u00e1 galerie, Prague 2018\" width=\"1280\" height=\"854\" data-src=\"https:\/\/ondrejroubik.eu\/en\/wp-content\/uploads\/2024\/02\/2.-2018-5.-TROJ-s-Petrem-Malinou-a-Pavlem-Smidem-Nova-galerie-Praha-pohled-do-expozice.jpg\" data-caption=\"TROJ, with Petr Malina and Pavel \u0160m\u00edd, Nov\u00e1 galerie, Prague 2018\" data-source=\"modula\" data-srcset=\"https:\/\/ondrejroubik.eu\/en\/wp-content\/uploads\/2024\/02\/2.-2018-5.-TROJ-s-Petrem-Malinou-a-Pavlem-Smidem-Nova-galerie-Praha-pohled-do-expozice.jpg 1280w, https:\/\/ondrejroubik.eu\/en\/wp-content\/uploads\/2024\/02\/2.-2018-5.-TROJ-s-Petrem-Malinou-a-Pavlem-Smidem-Nova-galerie-Praha-pohled-do-expozice-300x200.jpg 300w, https:\/\/ondrejroubik.eu\/en\/wp-content\/uploads\/2024\/02\/2.-2018-5.-TROJ-s-Petrem-Malinou-a-Pavlem-Smidem-Nova-galerie-Praha-pohled-do-expozice-1024x683.jpg 1024w, https:\/\/ondrejroubik.eu\/en\/wp-content\/uploads\/2024\/02\/2.-2018-5.-TROJ-s-Petrem-Malinou-a-Pavlem-Smidem-Nova-galerie-Praha-pohled-do-expozice-768x512.jpg 768w\" data-sizes=\"(max-width: 1280px) 100vw, 1280px\" srcset=\"https:\/\/ondrejroubik.eu\/en\/wp-content\/uploads\/2024\/02\/2.-2018-5.-TROJ-s-Petrem-Malinou-a-Pavlem-Smidem-Nova-galerie-Praha-pohled-do-expozice.jpg 1280w, https:\/\/ondrejroubik.eu\/en\/wp-content\/uploads\/2024\/02\/2.-2018-5.-TROJ-s-Petrem-Malinou-a-Pavlem-Smidem-Nova-galerie-Praha-pohled-do-expozice-300x200.jpg 300w, https:\/\/ondrejroubik.eu\/en\/wp-content\/uploads\/2024\/02\/2.-2018-5.-TROJ-s-Petrem-Malinou-a-Pavlem-Smidem-Nova-galerie-Praha-pohled-do-expozice-1024x683.jpg 1024w, https:\/\/ondrejroubik.eu\/en\/wp-content\/uploads\/2024\/02\/2.-2018-5.-TROJ-s-Petrem-Malinou-a-Pavlem-Smidem-Nova-galerie-Praha-pohled-do-expozice-768x512.jpg 768w\" sizes=\"(max-width: 1280px) 100vw, 1280px\" \/>\n\t\t<div class=\"figc\">\n\t\t\t<div class=\"figc-inner\">\n\t\t\t\t\t\t\t\t\t\t\t\t\t<p class=\"description\">TROJ, with Petr Malina and Pavel \u0160m\u00edd, Nov\u00e1 galerie, Prague 2018<\/p>\n\t\t\t\t\t\t\t\t\t\t\t<\/div>\n\t\t<\/div>\n\n\t<\/div>\n\n<\/div><div class=\"modula-item effect-pufrobo\" >\n\t<div class=\"modula-item-overlay\"><\/div>\n\n\t<div class=\"modula-item-content\">\n\n\t\t\t\t\n\t\t\t\t\t<a data-image-id=\"1619\" rel=\"jtg-1615\" data-caption=\"TROJ, with Petr Malina and Pavel \u0160m\u00edd, Nov\u00e1 galerie, Prague 2018\" aria-label=\"Open image in lightbox\" class=\"tile-inner modula-item-link\"><\/a>\n\t\t\n\t\t<img class=\"pic wp-image-1619 lazyload\"  data-valign=\"middle\" data-halign=\"center\" alt=\"\" data-full=\"https:\/\/ondrejroubik.eu\/en\/wp-content\/uploads\/2024\/02\/3.-2018-2.-TROJ-s-Petrem-Malinou-a-Pavlem-Smidem-Nova-galerie-Praha-pohled-do-expozice.jpg\" title=\"TROJ, with Petr Malina and Pavel \u0160m\u00edd, Nov\u00e1 galerie, Prague 2018\" width=\"1280\" height=\"853\" data-src=\"https:\/\/ondrejroubik.eu\/en\/wp-content\/uploads\/2024\/02\/3.-2018-2.-TROJ-s-Petrem-Malinou-a-Pavlem-Smidem-Nova-galerie-Praha-pohled-do-expozice.jpg\" data-caption=\"TROJ, with Petr Malina and Pavel \u0160m\u00edd, Nov\u00e1 galerie, Prague 2018\" data-source=\"modula\" data-srcset=\"https:\/\/ondrejroubik.eu\/en\/wp-content\/uploads\/2024\/02\/3.-2018-2.-TROJ-s-Petrem-Malinou-a-Pavlem-Smidem-Nova-galerie-Praha-pohled-do-expozice.jpg 1280w, https:\/\/ondrejroubik.eu\/en\/wp-content\/uploads\/2024\/02\/3.-2018-2.-TROJ-s-Petrem-Malinou-a-Pavlem-Smidem-Nova-galerie-Praha-pohled-do-expozice-300x200.jpg 300w, https:\/\/ondrejroubik.eu\/en\/wp-content\/uploads\/2024\/02\/3.-2018-2.-TROJ-s-Petrem-Malinou-a-Pavlem-Smidem-Nova-galerie-Praha-pohled-do-expozice-1024x682.jpg 1024w, https:\/\/ondrejroubik.eu\/en\/wp-content\/uploads\/2024\/02\/3.-2018-2.-TROJ-s-Petrem-Malinou-a-Pavlem-Smidem-Nova-galerie-Praha-pohled-do-expozice-768x512.jpg 768w\" data-sizes=\"(max-width: 1280px) 100vw, 1280px\" srcset=\"https:\/\/ondrejroubik.eu\/en\/wp-content\/uploads\/2024\/02\/3.-2018-2.-TROJ-s-Petrem-Malinou-a-Pavlem-Smidem-Nova-galerie-Praha-pohled-do-expozice.jpg 1280w, https:\/\/ondrejroubik.eu\/en\/wp-content\/uploads\/2024\/02\/3.-2018-2.-TROJ-s-Petrem-Malinou-a-Pavlem-Smidem-Nova-galerie-Praha-pohled-do-expozice-300x200.jpg 300w, https:\/\/ondrejroubik.eu\/en\/wp-content\/uploads\/2024\/02\/3.-2018-2.-TROJ-s-Petrem-Malinou-a-Pavlem-Smidem-Nova-galerie-Praha-pohled-do-expozice-1024x682.jpg 1024w, https:\/\/ondrejroubik.eu\/en\/wp-content\/uploads\/2024\/02\/3.-2018-2.-TROJ-s-Petrem-Malinou-a-Pavlem-Smidem-Nova-galerie-Praha-pohled-do-expozice-768x512.jpg 768w\" sizes=\"(max-width: 1280px) 100vw, 1280px\" \/>\n\t\t<div class=\"figc\">\n\t\t\t<div class=\"figc-inner\">\n\t\t\t\t\t\t\t\t\t\t\t\t\t<p class=\"description\">TROJ, with Petr Malina and Pavel \u0160m\u00edd, Nov\u00e1 galerie, Prague 2018<\/p>\n\t\t\t\t\t\t\t\t\t\t\t<\/div>\n\t\t<\/div>\n\n\t<\/div>\n\n<\/div><div class=\"modula-item effect-pufrobo\" >\n\t<div class=\"modula-item-overlay\"><\/div>\n\n\t<div class=\"modula-item-content\">\n\n\t\t\t\t\n\t\t\t\t\t<a data-image-id=\"1616\" rel=\"jtg-1615\" data-caption=\"TROJ, with Petr Malina and Pavel \u0160m\u00edd, Nov\u00e1 galerie, Prague 2018\" aria-label=\"Open image in lightbox\" class=\"tile-inner modula-item-link\"><\/a>\n\t\t\n\t\t<img class=\"pic wp-image-1616 lazyload\"  data-valign=\"middle\" data-halign=\"center\" alt=\"\" data-full=\"https:\/\/ondrejroubik.eu\/en\/wp-content\/uploads\/2024\/02\/4.jpg\" title=\"TROJ, with Petr Malina and Pavel \u0160m\u00edd, Nov\u00e1 galerie, Prague 2018\" width=\"853\" height=\"1280\" data-src=\"https:\/\/ondrejroubik.eu\/en\/wp-content\/uploads\/2024\/02\/4.jpg\" data-caption=\"TROJ, with Petr Malina and Pavel \u0160m\u00edd, Nov\u00e1 galerie, Prague 2018\" data-source=\"modula\" data-srcset=\"https:\/\/ondrejroubik.eu\/en\/wp-content\/uploads\/2024\/02\/4.jpg 853w, https:\/\/ondrejroubik.eu\/en\/wp-content\/uploads\/2024\/02\/4-200x300.jpg 200w, https:\/\/ondrejroubik.eu\/en\/wp-content\/uploads\/2024\/02\/4-682x1024.jpg 682w, https:\/\/ondrejroubik.eu\/en\/wp-content\/uploads\/2024\/02\/4-768x1152.jpg 768w\" data-sizes=\"(max-width: 853px) 100vw, 853px\" srcset=\"https:\/\/ondrejroubik.eu\/en\/wp-content\/uploads\/2024\/02\/4.jpg 853w, https:\/\/ondrejroubik.eu\/en\/wp-content\/uploads\/2024\/02\/4-200x300.jpg 200w, https:\/\/ondrejroubik.eu\/en\/wp-content\/uploads\/2024\/02\/4-682x1024.jpg 682w, https:\/\/ondrejroubik.eu\/en\/wp-content\/uploads\/2024\/02\/4-768x1152.jpg 768w\" sizes=\"(max-width: 853px) 100vw, 853px\" \/>\n\t\t<div class=\"figc\">\n\t\t\t<div class=\"figc-inner\">\n\t\t\t\t\t\t\t\t\t\t\t\t\t<p class=\"description\">TROJ, with Petr Malina and Pavel \u0160m\u00edd, Nov\u00e1 galerie, Prague 2018<\/p>\n\t\t\t\t\t\t\t\t\t\t\t<\/div>\n\t\t<\/div>\n\n\t<\/div>\n\n<\/div>\t\t\n\t<\/div>\n\n\t\n\t\n\t<script type=\"application\/ld+json\">\n\t{\n\t\t\"@context\": \"http:\/\/schema.org\",\n\t\t\"@type\"   : \"ImageGallery\",\n\t\t\"id\"      : \"https:\/\/ondrejroubik.eu\/en\/wp-json\/wp\/v2\/pages\/1457\",\n\t\t\"url\"     : \"https:\/\/ondrejroubik.eu\/en\/wp-json\/wp\/v2\/pages\/1457\"\n\t}\n\n    <\/script>\n\n\t\n<\/div>\n\n\n\n<h6 class=\"wp-block-heading has-text-align-center\">TROJ, with Petr Malina and Pavel \u0160m\u00edd, <br>Nov\u00e1 galerie, Prague 2018<\/h6>\n\n\n\n<div style=\"height:50px\" aria-hidden=\"true\" class=\"wp-block-spacer\"><\/div>\n\n\n<style>#jtg-1621 .modula-item .jtg-social a, .lightbox-socials.jtg-social a{ color: #ffffff }#jtg-1621 .modula-item .jtg-social svg, .lightbox-socials.jtg-social svg { height: 16px; width: 16px }#jtg-1621 .modula-item .jtg-social a:not(:last-child), .lightbox-socials.jtg-social a:not(:last-child) { margin-right: 10px }#jtg-1621 .modula-item .figc {color:#ffffff;}#jtg-1621 .modula-item .modula-item-content { transform: scale(1) }#jtg-1621 { width:100%;}#jtg-1621 .modula-items{height:800px;}@media screen and (max-width: 992px) {#jtg-1621 .modula-items{height:800px;}}@media screen and (max-width: 768px) {#jtg-1621 .modula-items{height:800px;}}#jtg-1621 .modula-items .figc p.description { font-size:14px; }#jtg-1621 .modula-items .figc p.description { color:#ffffff;}#jtg-1621.modula-gallery .modula-item > a, #jtg-1621.modula-gallery .modula-item, #jtg-1621.modula-gallery .modula-item-content > a:not(.modula-no-follow) { cursor:zoom-in; } #jtg-1621.modula-gallery .modula-item-content .modula-no-follow { cursor: default; } @media screen and (max-width:480px){#jtg-1621 .modula-item .figc .jtg-title {  font-size: 12px; }#jtg-1621 .modula-items .figc p.description { color:#ffffff;font-size:10px; }}<\/style>\n<!-- Gallery Container -->\n<div  id=\"jtg-1621\" class=\"modula modula-gallery modula-creative-gallery\" data-config=\"{&quot;height&quot;:800,&quot;tabletHeight&quot;:800,&quot;mobileHeight&quot;:800,&quot;desktopHeight&quot;:800,&quot;enableTwitter&quot;:false,&quot;enableWhatsapp&quot;:false,&quot;enableFacebook&quot;:false,&quot;enablePinterest&quot;:false,&quot;enableLinkedin&quot;:false,&quot;enableEmail&quot;:false,&quot;randomFactor&quot;:1,&quot;type&quot;:&quot;creative-gallery&quot;,&quot;columns&quot;:12,&quot;gutter&quot;:1,&quot;mobileGutter&quot;:1,&quot;tabletGutter&quot;:1,&quot;desktopGutter&quot;:1,&quot;enableResponsive&quot;:&quot;0&quot;,&quot;tabletColumns&quot;:2,&quot;mobileColumns&quot;:1,&quot;lazyLoad&quot;:true,&quot;lightboxOpts&quot;:{&quot;loop&quot;:false,&quot;arrows&quot;:true,&quot;toolbar&quot;:true,&quot;keyboard&quot;:true,&quot;wheel&quot;:false,&quot;buttons&quot;:[&quot;close&quot;],&quot;hash&quot;:false,&quot;lang&quot;:&quot;en&quot;,&quot;touch&quot;:false,&quot;protect&quot;:false,&quot;i18n&quot;:{&quot;en&quot;:{&quot;CLOSE&quot;:&quot;Close&quot;,&quot;NEXT&quot;:&quot;Next&quot;,&quot;PREV&quot;:&quot;Previous&quot;,&quot;Error&quot;:&quot;The requested content cannot be loaded. Please try again later.&quot;,&quot;PLAY_START&quot;:&quot;Start slideshow&quot;,&quot;PLAY_STOP&quot;:&quot;Pause slideshow&quot;,&quot;FULL_SCREEN&quot;:&quot;Full screen&quot;,&quot;THUMBS&quot;:&quot;Thumbnails&quot;,&quot;DOWNLOAD&quot;:&quot;Download&quot;,&quot;SHARE&quot;:&quot;Share&quot;,&quot;ZOOM&quot;:&quot;Zoom&quot;}},&quot;clickSlide&quot;:false,&quot;clickOutside&quot;:false,&quot;dblclickContent&quot;:false,&quot;dblclickSlide&quot;:false,&quot;dblclickOutside&quot;:false,&quot;clickContent&quot;:false,&quot;baseTpl&quot;:&quot;&lt;div class=\\&quot;modula-fancybox-container modula-lightbox-jtg-1621\\&quot; role=\\&quot;dialog\\&quot; tabindex=\\&quot;-1\\&quot;&gt;&lt;div class=\\&quot;modula-fancybox-bg\\&quot;&gt;&lt;\\\/div&gt;&lt;div class=\\&quot;modula-fancybox-inner\\&quot;&gt;&lt;div class=\\&quot;modula-fancybox-infobar\\&quot;&gt;&lt;span data-fancybox-index&gt;&lt;\\\/span&gt;&nbsp;\\\/&nbsp;&lt;span data-fancybox-count&gt;&lt;\\\/span&gt;&lt;\\\/div&gt;&lt;div class=\\&quot;modula-fancybox-toolbar\\&quot;&gt;{{buttons}}&lt;\\\/div&gt;&lt;div class=\\&quot;modula-fancybox-navigation\\&quot;&gt;{{arrows}}&lt;\\\/div&gt;&lt;div class=\\&quot;modula-fancybox-stage\\&quot;&gt;&lt;\\\/div&gt;&lt;div class=\\&quot;modula-fancybox-caption\\&quot;&gt;&lt;div class=\\&quot;modula-fancybox-caption__body\\&quot;&gt;&lt;\\\/div&gt;&lt;\\\/div&gt;&lt;\\\/div&gt;&lt;\\\/div&gt;&quot;},&quot;inView&quot;:false,&quot;email_subject&quot;:&quot;Check out this awesome image !!&quot;,&quot;email_message&quot;:&quot;Here is the link to the image : %%image_link%% and this is the link to the gallery : %%gallery_link%%&quot;,&quot;lightbox&quot;:&quot;fancybox&quot;}\">\n\n\t\n\t<!-- Items Container -->\n\t<div  class=\"modula-items\">\n\t\t<div class=\"modula-item effect-pufrobo\" >\n\t<div class=\"modula-item-overlay\"><\/div>\n\n\t<div class=\"modula-item-content\">\n\n\t\t\t\t\n\t\t\t\t\t<a data-image-id=\"1623\" rel=\"jtg-1621\" data-caption=\"Women, with Lenka Ch\u00e1nov\u00e1, Atrium na \u017di\u017ekov\u011b Gallery, Prague 2018\" aria-label=\"Open image in lightbox\" class=\"tile-inner modula-item-link\"><\/a>\n\t\t\n\t\t<img class=\"pic wp-image-1623 lazyload\"  data-valign=\"middle\" data-halign=\"center\" alt=\"\" data-full=\"https:\/\/ondrejroubik.eu\/en\/wp-content\/uploads\/2024\/02\/1-2.jpg\" title=\"Women, with Lenka Ch\u00e1nov\u00e1, Atrium na \u017di\u017ekov\u011b Gallery, Prague 2018\" width=\"2560\" height=\"1439\" data-src=\"https:\/\/ondrejroubik.eu\/en\/wp-content\/uploads\/2024\/02\/1-2.jpg\" data-caption=\"Women, with Lenka Ch\u00e1nov\u00e1, Atrium na \u017di\u017ekov\u011b Gallery, Prague 2018\" data-source=\"modula\" data-srcset=\"https:\/\/ondrejroubik.eu\/en\/wp-content\/uploads\/2024\/02\/1-2-scaled.jpg 2560w, https:\/\/ondrejroubik.eu\/en\/wp-content\/uploads\/2024\/02\/1-2-300x169.jpg 300w, https:\/\/ondrejroubik.eu\/en\/wp-content\/uploads\/2024\/02\/1-2-1024x576.jpg 1024w, https:\/\/ondrejroubik.eu\/en\/wp-content\/uploads\/2024\/02\/1-2-768x432.jpg 768w, https:\/\/ondrejroubik.eu\/en\/wp-content\/uploads\/2024\/02\/1-2-1536x863.jpg 1536w, https:\/\/ondrejroubik.eu\/en\/wp-content\/uploads\/2024\/02\/1-2-2048x1151.jpg 2048w\" data-sizes=\"(max-width: 2560px) 100vw, 2560px\" \/>\n\t\t<div class=\"figc\">\n\t\t\t<div class=\"figc-inner\">\n\t\t\t\t\t\t\t\t\t\t\t\t\t<p class=\"description\">Women, with Lenka Ch\u00e1nov\u00e1, Atrium na \u017di\u017ekov\u011b Gallery, Prague 2018<\/p>\n\t\t\t\t\t\t\t\t\t\t\t<\/div>\n\t\t<\/div>\n\n\t<\/div>\n\n<\/div><div class=\"modula-item effect-pufrobo\" >\n\t<div class=\"modula-item-overlay\"><\/div>\n\n\t<div class=\"modula-item-content\">\n\n\t\t\t\t\n\t\t\t\t\t<a data-image-id=\"1624\" rel=\"jtg-1621\" data-caption=\"Women, with Lenka Ch\u00e1nov\u00e1, Atrium na \u017di\u017ekov\u011b Gallery, Prague 2018\" aria-label=\"Open image in lightbox\" class=\"tile-inner modula-item-link\"><\/a>\n\t\t\n\t\t<img class=\"pic wp-image-1624 lazyload\"  data-valign=\"middle\" data-halign=\"center\" alt=\"\" data-full=\"https:\/\/ondrejroubik.eu\/en\/wp-content\/uploads\/2024\/02\/2.-2018-2.-Zeny-s-Lenkou-Chanovou-Galerie-Atrium-na-Zizkove-Praha-pohled-do-expozice.jpg\" title=\"Women, with Lenka Ch\u00e1nov\u00e1, Atrium na \u017di\u017ekov\u011b Gallery, Prague 2018\" width=\"2560\" height=\"1706\" data-src=\"https:\/\/ondrejroubik.eu\/en\/wp-content\/uploads\/2024\/02\/2.-2018-2.-Zeny-s-Lenkou-Chanovou-Galerie-Atrium-na-Zizkove-Praha-pohled-do-expozice.jpg\" data-caption=\"Women, with Lenka Ch\u00e1nov\u00e1, Atrium na \u017di\u017ekov\u011b Gallery, Prague 2018\" data-source=\"modula\" data-srcset=\"https:\/\/ondrejroubik.eu\/en\/wp-content\/uploads\/2024\/02\/2.-2018-2.-Zeny-s-Lenkou-Chanovou-Galerie-Atrium-na-Zizkove-Praha-pohled-do-expozice-scaled.jpg 2560w, https:\/\/ondrejroubik.eu\/en\/wp-content\/uploads\/2024\/02\/2.-2018-2.-Zeny-s-Lenkou-Chanovou-Galerie-Atrium-na-Zizkove-Praha-pohled-do-expozice-300x200.jpg 300w, https:\/\/ondrejroubik.eu\/en\/wp-content\/uploads\/2024\/02\/2.-2018-2.-Zeny-s-Lenkou-Chanovou-Galerie-Atrium-na-Zizkove-Praha-pohled-do-expozice-1024x683.jpg 1024w, https:\/\/ondrejroubik.eu\/en\/wp-content\/uploads\/2024\/02\/2.-2018-2.-Zeny-s-Lenkou-Chanovou-Galerie-Atrium-na-Zizkove-Praha-pohled-do-expozice-768x512.jpg 768w, https:\/\/ondrejroubik.eu\/en\/wp-content\/uploads\/2024\/02\/2.-2018-2.-Zeny-s-Lenkou-Chanovou-Galerie-Atrium-na-Zizkove-Praha-pohled-do-expozice-1536x1024.jpg 1536w, https:\/\/ondrejroubik.eu\/en\/wp-content\/uploads\/2024\/02\/2.-2018-2.-Zeny-s-Lenkou-Chanovou-Galerie-Atrium-na-Zizkove-Praha-pohled-do-expozice-2048x1365.jpg 2048w\" data-sizes=\"(max-width: 2560px) 100vw, 2560px\" \/>\n\t\t<div class=\"figc\">\n\t\t\t<div class=\"figc-inner\">\n\t\t\t\t\t\t\t\t\t\t\t\t\t<p class=\"description\">Women, with Lenka Ch\u00e1nov\u00e1, Atrium na \u017di\u017ekov\u011b Gallery, Prague 2018<\/p>\n\t\t\t\t\t\t\t\t\t\t\t<\/div>\n\t\t<\/div>\n\n\t<\/div>\n\n<\/div><div class=\"modula-item effect-pufrobo\" >\n\t<div class=\"modula-item-overlay\"><\/div>\n\n\t<div class=\"modula-item-content\">\n\n\t\t\t\t\n\t\t\t\t\t<a data-image-id=\"1625\" rel=\"jtg-1621\" data-caption=\"Women, with Lenka Ch\u00e1nov\u00e1, Atrium na \u017di\u017ekov\u011b Gallery, Prague 2018\" aria-label=\"Open image in lightbox\" class=\"tile-inner modula-item-link\"><\/a>\n\t\t\n\t\t<img class=\"pic wp-image-1625 lazyload\"  data-valign=\"middle\" data-halign=\"center\" alt=\"\" data-full=\"https:\/\/ondrejroubik.eu\/en\/wp-content\/uploads\/2024\/02\/3.-2018-3.-Zeny-s-Lenkou-Chanovou-Galerie-Atrium-na-Zizkove-Praha-pohled-do-expozice.jpg\" title=\"Women, with Lenka Ch\u00e1nov\u00e1, Atrium na \u017di\u017ekov\u011b Gallery, Prague 2018\" width=\"1304\" height=\"1957\" data-src=\"https:\/\/ondrejroubik.eu\/en\/wp-content\/uploads\/2024\/02\/3.-2018-3.-Zeny-s-Lenkou-Chanovou-Galerie-Atrium-na-Zizkove-Praha-pohled-do-expozice.jpg\" data-caption=\"Women, with Lenka Ch\u00e1nov\u00e1, Atrium na \u017di\u017ekov\u011b Gallery, Prague 2018\" data-source=\"modula\" data-srcset=\"https:\/\/ondrejroubik.eu\/en\/wp-content\/uploads\/2024\/02\/3.-2018-3.-Zeny-s-Lenkou-Chanovou-Galerie-Atrium-na-Zizkove-Praha-pohled-do-expozice.jpg 1304w, https:\/\/ondrejroubik.eu\/en\/wp-content\/uploads\/2024\/02\/3.-2018-3.-Zeny-s-Lenkou-Chanovou-Galerie-Atrium-na-Zizkove-Praha-pohled-do-expozice-200x300.jpg 200w, https:\/\/ondrejroubik.eu\/en\/wp-content\/uploads\/2024\/02\/3.-2018-3.-Zeny-s-Lenkou-Chanovou-Galerie-Atrium-na-Zizkove-Praha-pohled-do-expozice-682x1024.jpg 682w, https:\/\/ondrejroubik.eu\/en\/wp-content\/uploads\/2024\/02\/3.-2018-3.-Zeny-s-Lenkou-Chanovou-Galerie-Atrium-na-Zizkove-Praha-pohled-do-expozice-768x1153.jpg 768w, https:\/\/ondrejroubik.eu\/en\/wp-content\/uploads\/2024\/02\/3.-2018-3.-Zeny-s-Lenkou-Chanovou-Galerie-Atrium-na-Zizkove-Praha-pohled-do-expozice-1023x1536.jpg 1023w\" data-sizes=\"(max-width: 1304px) 100vw, 1304px\" srcset=\"https:\/\/ondrejroubik.eu\/en\/wp-content\/uploads\/2024\/02\/3.-2018-3.-Zeny-s-Lenkou-Chanovou-Galerie-Atrium-na-Zizkove-Praha-pohled-do-expozice.jpg 1304w, https:\/\/ondrejroubik.eu\/en\/wp-content\/uploads\/2024\/02\/3.-2018-3.-Zeny-s-Lenkou-Chanovou-Galerie-Atrium-na-Zizkove-Praha-pohled-do-expozice-200x300.jpg 200w, https:\/\/ondrejroubik.eu\/en\/wp-content\/uploads\/2024\/02\/3.-2018-3.-Zeny-s-Lenkou-Chanovou-Galerie-Atrium-na-Zizkove-Praha-pohled-do-expozice-682x1024.jpg 682w, https:\/\/ondrejroubik.eu\/en\/wp-content\/uploads\/2024\/02\/3.-2018-3.-Zeny-s-Lenkou-Chanovou-Galerie-Atrium-na-Zizkove-Praha-pohled-do-expozice-768x1153.jpg 768w, https:\/\/ondrejroubik.eu\/en\/wp-content\/uploads\/2024\/02\/3.-2018-3.-Zeny-s-Lenkou-Chanovou-Galerie-Atrium-na-Zizkove-Praha-pohled-do-expozice-1023x1536.jpg 1023w\" sizes=\"(max-width: 1304px) 100vw, 1304px\" \/>\n\t\t<div class=\"figc\">\n\t\t\t<div class=\"figc-inner\">\n\t\t\t\t\t\t\t\t\t\t\t\t\t<p class=\"description\">Women, with Lenka Ch\u00e1nov\u00e1, Atrium na \u017di\u017ekov\u011b Gallery, Prague 2018<\/p>\n\t\t\t\t\t\t\t\t\t\t\t<\/div>\n\t\t<\/div>\n\n\t<\/div>\n\n<\/div><div class=\"modula-item effect-pufrobo\" >\n\t<div class=\"modula-item-overlay\"><\/div>\n\n\t<div class=\"modula-item-content\">\n\n\t\t\t\t\n\t\t\t\t\t<a data-image-id=\"1622\" rel=\"jtg-1621\" data-caption=\"Women, with Lenka Ch\u00e1nov\u00e1, Atrium na \u017di\u017ekov\u011b Gallery, Prague 2018\" aria-label=\"Open image in lightbox\" class=\"tile-inner modula-item-link\"><\/a>\n\t\t\n\t\t<img class=\"pic wp-image-1622 lazyload\"  data-valign=\"middle\" data-halign=\"center\" alt=\"\" data-full=\"https:\/\/ondrejroubik.eu\/en\/wp-content\/uploads\/2024\/02\/4.-2018-4.-Zeny-s-Lenkou-Chanovou-Galerie-Atrium-na-Zizkove-Praha-pohled-do-expozice.jpg\" title=\"Women, with Lenka Ch\u00e1nov\u00e1, Atrium na \u017di\u017ekov\u011b Gallery, Prague 2018\" width=\"2320\" height=\"1547\" data-src=\"https:\/\/ondrejroubik.eu\/en\/wp-content\/uploads\/2024\/02\/4.-2018-4.-Zeny-s-Lenkou-Chanovou-Galerie-Atrium-na-Zizkove-Praha-pohled-do-expozice.jpg\" data-caption=\"Women, with Lenka Ch\u00e1nov\u00e1, Atrium na \u017di\u017ekov\u011b Gallery, Prague 2018\" data-source=\"modula\" data-srcset=\"https:\/\/ondrejroubik.eu\/en\/wp-content\/uploads\/2024\/02\/4.-2018-4.-Zeny-s-Lenkou-Chanovou-Galerie-Atrium-na-Zizkove-Praha-pohled-do-expozice.jpg 2320w, https:\/\/ondrejroubik.eu\/en\/wp-content\/uploads\/2024\/02\/4.-2018-4.-Zeny-s-Lenkou-Chanovou-Galerie-Atrium-na-Zizkove-Praha-pohled-do-expozice-300x200.jpg 300w, https:\/\/ondrejroubik.eu\/en\/wp-content\/uploads\/2024\/02\/4.-2018-4.-Zeny-s-Lenkou-Chanovou-Galerie-Atrium-na-Zizkove-Praha-pohled-do-expozice-1024x683.jpg 1024w, https:\/\/ondrejroubik.eu\/en\/wp-content\/uploads\/2024\/02\/4.-2018-4.-Zeny-s-Lenkou-Chanovou-Galerie-Atrium-na-Zizkove-Praha-pohled-do-expozice-768x512.jpg 768w, https:\/\/ondrejroubik.eu\/en\/wp-content\/uploads\/2024\/02\/4.-2018-4.-Zeny-s-Lenkou-Chanovou-Galerie-Atrium-na-Zizkove-Praha-pohled-do-expozice-1536x1024.jpg 1536w, https:\/\/ondrejroubik.eu\/en\/wp-content\/uploads\/2024\/02\/4.-2018-4.-Zeny-s-Lenkou-Chanovou-Galerie-Atrium-na-Zizkove-Praha-pohled-do-expozice-2048x1366.jpg 2048w\" data-sizes=\"(max-width: 2320px) 100vw, 2320px\" srcset=\"https:\/\/ondrejroubik.eu\/en\/wp-content\/uploads\/2024\/02\/4.-2018-4.-Zeny-s-Lenkou-Chanovou-Galerie-Atrium-na-Zizkove-Praha-pohled-do-expozice.jpg 2320w, https:\/\/ondrejroubik.eu\/en\/wp-content\/uploads\/2024\/02\/4.-2018-4.-Zeny-s-Lenkou-Chanovou-Galerie-Atrium-na-Zizkove-Praha-pohled-do-expozice-300x200.jpg 300w, https:\/\/ondrejroubik.eu\/en\/wp-content\/uploads\/2024\/02\/4.-2018-4.-Zeny-s-Lenkou-Chanovou-Galerie-Atrium-na-Zizkove-Praha-pohled-do-expozice-1024x683.jpg 1024w, https:\/\/ondrejroubik.eu\/en\/wp-content\/uploads\/2024\/02\/4.-2018-4.-Zeny-s-Lenkou-Chanovou-Galerie-Atrium-na-Zizkove-Praha-pohled-do-expozice-768x512.jpg 768w, https:\/\/ondrejroubik.eu\/en\/wp-content\/uploads\/2024\/02\/4.-2018-4.-Zeny-s-Lenkou-Chanovou-Galerie-Atrium-na-Zizkove-Praha-pohled-do-expozice-1536x1024.jpg 1536w, https:\/\/ondrejroubik.eu\/en\/wp-content\/uploads\/2024\/02\/4.-2018-4.-Zeny-s-Lenkou-Chanovou-Galerie-Atrium-na-Zizkove-Praha-pohled-do-expozice-2048x1366.jpg 2048w\" sizes=\"(max-width: 2320px) 100vw, 2320px\" \/>\n\t\t<div class=\"figc\">\n\t\t\t<div class=\"figc-inner\">\n\t\t\t\t\t\t\t\t\t\t\t\t\t<p class=\"description\">Women, with Lenka Ch\u00e1nov\u00e1, Atrium na \u017di\u017ekov\u011b Gallery, Prague 2018<\/p>\n\t\t\t\t\t\t\t\t\t\t\t<\/div>\n\t\t<\/div>\n\n\t<\/div>\n\n<\/div>\t\t\n\t<\/div>\n\n\t\n\t\n\t<script type=\"application\/ld+json\">\n\t{\n\t\t\"@context\": \"http:\/\/schema.org\",\n\t\t\"@type\"   : \"ImageGallery\",\n\t\t\"id\"      : \"https:\/\/ondrejroubik.eu\/en\/wp-json\/wp\/v2\/pages\/1457\",\n\t\t\"url\"     : \"https:\/\/ondrejroubik.eu\/en\/wp-json\/wp\/v2\/pages\/1457\"\n\t}\n\n    <\/script>\n\n\t\n<\/div>\n\n\n\n<h6 class=\"wp-block-heading has-text-align-center\">Women, with Lenka Ch\u00e1nov\u00e1, <br>Atrium na \u017di\u017ekov\u011b Gallery, Prague 2018<\/h6>\n\n\n\n<div style=\"height:50px\" aria-hidden=\"true\" class=\"wp-block-spacer\"><\/div>\n\n\n<style>#jtg-1627 .modula-item .jtg-social a, .lightbox-socials.jtg-social a{ color: #ffffff }#jtg-1627 .modula-item .jtg-social svg, .lightbox-socials.jtg-social svg { height: 16px; width: 16px }#jtg-1627 .modula-item .jtg-social a:not(:last-child), .lightbox-socials.jtg-social a:not(:last-child) { margin-right: 10px }#jtg-1627 .modula-item .figc {color:#ffffff;}#jtg-1627 .modula-item .modula-item-content { transform: scale(1) }#jtg-1627 { width:100%;}#jtg-1627 .modula-items{height:800px;}@media screen and (max-width: 992px) {#jtg-1627 .modula-items{height:800px;}}@media screen and (max-width: 768px) {#jtg-1627 .modula-items{height:800px;}}#jtg-1627 .modula-items .figc p.description { font-size:14px; }#jtg-1627 .modula-items .figc p.description { color:#ffffff;}#jtg-1627.modula-gallery .modula-item > a, #jtg-1627.modula-gallery .modula-item, #jtg-1627.modula-gallery .modula-item-content > a:not(.modula-no-follow) { cursor:zoom-in; } #jtg-1627.modula-gallery .modula-item-content .modula-no-follow { cursor: default; } @media screen and (max-width:480px){#jtg-1627 .modula-item .figc .jtg-title {  font-size: 12px; }#jtg-1627 .modula-items .figc p.description { color:#ffffff;font-size:10px; }}<\/style>\n<!-- Gallery Container -->\n<div  id=\"jtg-1627\" class=\"modula modula-gallery modula-creative-gallery\" data-config=\"{&quot;height&quot;:800,&quot;tabletHeight&quot;:800,&quot;mobileHeight&quot;:800,&quot;desktopHeight&quot;:800,&quot;enableTwitter&quot;:false,&quot;enableWhatsapp&quot;:false,&quot;enableFacebook&quot;:false,&quot;enablePinterest&quot;:false,&quot;enableLinkedin&quot;:false,&quot;enableEmail&quot;:false,&quot;randomFactor&quot;:1,&quot;type&quot;:&quot;creative-gallery&quot;,&quot;columns&quot;:12,&quot;gutter&quot;:1,&quot;mobileGutter&quot;:1,&quot;tabletGutter&quot;:1,&quot;desktopGutter&quot;:1,&quot;enableResponsive&quot;:&quot;0&quot;,&quot;tabletColumns&quot;:2,&quot;mobileColumns&quot;:1,&quot;lazyLoad&quot;:true,&quot;lightboxOpts&quot;:{&quot;loop&quot;:false,&quot;arrows&quot;:true,&quot;toolbar&quot;:true,&quot;keyboard&quot;:true,&quot;wheel&quot;:false,&quot;buttons&quot;:[&quot;close&quot;],&quot;hash&quot;:false,&quot;lang&quot;:&quot;en&quot;,&quot;touch&quot;:false,&quot;protect&quot;:false,&quot;i18n&quot;:{&quot;en&quot;:{&quot;CLOSE&quot;:&quot;Close&quot;,&quot;NEXT&quot;:&quot;Next&quot;,&quot;PREV&quot;:&quot;Previous&quot;,&quot;Error&quot;:&quot;The requested content cannot be loaded. Please try again later.&quot;,&quot;PLAY_START&quot;:&quot;Start slideshow&quot;,&quot;PLAY_STOP&quot;:&quot;Pause slideshow&quot;,&quot;FULL_SCREEN&quot;:&quot;Full screen&quot;,&quot;THUMBS&quot;:&quot;Thumbnails&quot;,&quot;DOWNLOAD&quot;:&quot;Download&quot;,&quot;SHARE&quot;:&quot;Share&quot;,&quot;ZOOM&quot;:&quot;Zoom&quot;}},&quot;clickSlide&quot;:false,&quot;clickOutside&quot;:false,&quot;dblclickContent&quot;:false,&quot;dblclickSlide&quot;:false,&quot;dblclickOutside&quot;:false,&quot;clickContent&quot;:false,&quot;baseTpl&quot;:&quot;&lt;div class=\\&quot;modula-fancybox-container modula-lightbox-jtg-1627\\&quot; role=\\&quot;dialog\\&quot; tabindex=\\&quot;-1\\&quot;&gt;&lt;div class=\\&quot;modula-fancybox-bg\\&quot;&gt;&lt;\\\/div&gt;&lt;div class=\\&quot;modula-fancybox-inner\\&quot;&gt;&lt;div class=\\&quot;modula-fancybox-infobar\\&quot;&gt;&lt;span data-fancybox-index&gt;&lt;\\\/span&gt;&nbsp;\\\/&nbsp;&lt;span data-fancybox-count&gt;&lt;\\\/span&gt;&lt;\\\/div&gt;&lt;div class=\\&quot;modula-fancybox-toolbar\\&quot;&gt;{{buttons}}&lt;\\\/div&gt;&lt;div class=\\&quot;modula-fancybox-navigation\\&quot;&gt;{{arrows}}&lt;\\\/div&gt;&lt;div class=\\&quot;modula-fancybox-stage\\&quot;&gt;&lt;\\\/div&gt;&lt;div class=\\&quot;modula-fancybox-caption\\&quot;&gt;&lt;div class=\\&quot;modula-fancybox-caption__body\\&quot;&gt;&lt;\\\/div&gt;&lt;\\\/div&gt;&lt;\\\/div&gt;&lt;\\\/div&gt;&quot;},&quot;inView&quot;:false,&quot;email_subject&quot;:&quot;Check out this awesome image !!&quot;,&quot;email_message&quot;:&quot;Here is the link to the image : %%image_link%% and this is the link to the gallery : %%gallery_link%%&quot;,&quot;lightbox&quot;:&quot;fancybox&quot;}\">\n\n\t\n\t<!-- Items Container -->\n\t<div  class=\"modula-items\">\n\t\t<div class=\"modula-item effect-pufrobo\" >\n\t<div class=\"modula-item-overlay\"><\/div>\n\n\t<div class=\"modula-item-content\">\n\n\t\t\t\t\n\t\t\t\t\t<a data-image-id=\"1629\" rel=\"jtg-1627\" data-caption=\"The Dark Night of the Soul, Vy\u0161ehrad Gallery, Prague, 2016\" aria-label=\"Open image in lightbox\" class=\"tile-inner modula-item-link\"><\/a>\n\t\t\n\t\t<img class=\"pic wp-image-1629 lazyload\"  data-valign=\"middle\" data-halign=\"center\" alt=\"\" data-full=\"https:\/\/ondrejroubik.eu\/en\/wp-content\/uploads\/2024\/02\/1.-2016-2.-Temne-noci-duse-Galerie-Vysehrad-Praha-pohled-do-expozice.jpg\" title=\"The Dark Night of the Soul, Vy\u0161ehrad Gallery, Prague, 2016\" width=\"2000\" height=\"1333\" data-src=\"https:\/\/ondrejroubik.eu\/en\/wp-content\/uploads\/2024\/02\/1.-2016-2.-Temne-noci-duse-Galerie-Vysehrad-Praha-pohled-do-expozice.jpg\" data-caption=\"The Dark Night of the Soul, Vy\u0161ehrad Gallery, Prague, 2016\" data-source=\"modula\" data-srcset=\"https:\/\/ondrejroubik.eu\/en\/wp-content\/uploads\/2024\/02\/1.-2016-2.-Temne-noci-duse-Galerie-Vysehrad-Praha-pohled-do-expozice.jpg 2000w, https:\/\/ondrejroubik.eu\/en\/wp-content\/uploads\/2024\/02\/1.-2016-2.-Temne-noci-duse-Galerie-Vysehrad-Praha-pohled-do-expozice-300x200.jpg 300w, https:\/\/ondrejroubik.eu\/en\/wp-content\/uploads\/2024\/02\/1.-2016-2.-Temne-noci-duse-Galerie-Vysehrad-Praha-pohled-do-expozice-1024x682.jpg 1024w, https:\/\/ondrejroubik.eu\/en\/wp-content\/uploads\/2024\/02\/1.-2016-2.-Temne-noci-duse-Galerie-Vysehrad-Praha-pohled-do-expozice-768x512.jpg 768w, https:\/\/ondrejroubik.eu\/en\/wp-content\/uploads\/2024\/02\/1.-2016-2.-Temne-noci-duse-Galerie-Vysehrad-Praha-pohled-do-expozice-1536x1024.jpg 1536w\" data-sizes=\"(max-width: 2000px) 100vw, 2000px\" srcset=\"https:\/\/ondrejroubik.eu\/en\/wp-content\/uploads\/2024\/02\/1.-2016-2.-Temne-noci-duse-Galerie-Vysehrad-Praha-pohled-do-expozice.jpg 2000w, https:\/\/ondrejroubik.eu\/en\/wp-content\/uploads\/2024\/02\/1.-2016-2.-Temne-noci-duse-Galerie-Vysehrad-Praha-pohled-do-expozice-300x200.jpg 300w, https:\/\/ondrejroubik.eu\/en\/wp-content\/uploads\/2024\/02\/1.-2016-2.-Temne-noci-duse-Galerie-Vysehrad-Praha-pohled-do-expozice-1024x682.jpg 1024w, https:\/\/ondrejroubik.eu\/en\/wp-content\/uploads\/2024\/02\/1.-2016-2.-Temne-noci-duse-Galerie-Vysehrad-Praha-pohled-do-expozice-768x512.jpg 768w, https:\/\/ondrejroubik.eu\/en\/wp-content\/uploads\/2024\/02\/1.-2016-2.-Temne-noci-duse-Galerie-Vysehrad-Praha-pohled-do-expozice-1536x1024.jpg 1536w\" sizes=\"(max-width: 2000px) 100vw, 2000px\" \/>\n\t\t<div class=\"figc\">\n\t\t\t<div class=\"figc-inner\">\n\t\t\t\t\t\t\t\t\t\t\t\t\t<p class=\"description\">The Dark Night of the Soul, Vy\u0161ehrad Gallery, Prague, 2016<\/p>\n\t\t\t\t\t\t\t\t\t\t\t<\/div>\n\t\t<\/div>\n\n\t<\/div>\n\n<\/div><div class=\"modula-item effect-pufrobo\" >\n\t<div class=\"modula-item-overlay\"><\/div>\n\n\t<div class=\"modula-item-content\">\n\n\t\t\t\t\n\t\t\t\t\t<a data-image-id=\"1630\" rel=\"jtg-1627\" data-caption=\"The Dark Night of the Soul, Vy\u0161ehrad Gallery, Prague, 2016\" aria-label=\"Open image in lightbox\" class=\"tile-inner modula-item-link\"><\/a>\n\t\t\n\t\t<img class=\"pic wp-image-1630 lazyload\"  data-valign=\"middle\" data-halign=\"center\" alt=\"\" data-full=\"https:\/\/ondrejroubik.eu\/en\/wp-content\/uploads\/2024\/02\/2.-2016-3.-Temne-noci-duse-Galerie-Vysehrad-Praha-pohled-do-expozice.jpg\" title=\"The Dark Night of the Soul, Vy\u0161ehrad Gallery, Prague, 2016\" width=\"2000\" height=\"1333\" data-src=\"https:\/\/ondrejroubik.eu\/en\/wp-content\/uploads\/2024\/02\/2.-2016-3.-Temne-noci-duse-Galerie-Vysehrad-Praha-pohled-do-expozice.jpg\" data-caption=\"The Dark Night of the Soul, Vy\u0161ehrad Gallery, Prague, 2016\" data-source=\"modula\" data-srcset=\"https:\/\/ondrejroubik.eu\/en\/wp-content\/uploads\/2024\/02\/2.-2016-3.-Temne-noci-duse-Galerie-Vysehrad-Praha-pohled-do-expozice.jpg 2000w, https:\/\/ondrejroubik.eu\/en\/wp-content\/uploads\/2024\/02\/2.-2016-3.-Temne-noci-duse-Galerie-Vysehrad-Praha-pohled-do-expozice-300x200.jpg 300w, https:\/\/ondrejroubik.eu\/en\/wp-content\/uploads\/2024\/02\/2.-2016-3.-Temne-noci-duse-Galerie-Vysehrad-Praha-pohled-do-expozice-1024x682.jpg 1024w, https:\/\/ondrejroubik.eu\/en\/wp-content\/uploads\/2024\/02\/2.-2016-3.-Temne-noci-duse-Galerie-Vysehrad-Praha-pohled-do-expozice-768x512.jpg 768w, https:\/\/ondrejroubik.eu\/en\/wp-content\/uploads\/2024\/02\/2.-2016-3.-Temne-noci-duse-Galerie-Vysehrad-Praha-pohled-do-expozice-1536x1024.jpg 1536w\" data-sizes=\"(max-width: 2000px) 100vw, 2000px\" srcset=\"https:\/\/ondrejroubik.eu\/en\/wp-content\/uploads\/2024\/02\/2.-2016-3.-Temne-noci-duse-Galerie-Vysehrad-Praha-pohled-do-expozice.jpg 2000w, https:\/\/ondrejroubik.eu\/en\/wp-content\/uploads\/2024\/02\/2.-2016-3.-Temne-noci-duse-Galerie-Vysehrad-Praha-pohled-do-expozice-300x200.jpg 300w, https:\/\/ondrejroubik.eu\/en\/wp-content\/uploads\/2024\/02\/2.-2016-3.-Temne-noci-duse-Galerie-Vysehrad-Praha-pohled-do-expozice-1024x682.jpg 1024w, https:\/\/ondrejroubik.eu\/en\/wp-content\/uploads\/2024\/02\/2.-2016-3.-Temne-noci-duse-Galerie-Vysehrad-Praha-pohled-do-expozice-768x512.jpg 768w, https:\/\/ondrejroubik.eu\/en\/wp-content\/uploads\/2024\/02\/2.-2016-3.-Temne-noci-duse-Galerie-Vysehrad-Praha-pohled-do-expozice-1536x1024.jpg 1536w\" sizes=\"(max-width: 2000px) 100vw, 2000px\" \/>\n\t\t<div class=\"figc\">\n\t\t\t<div class=\"figc-inner\">\n\t\t\t\t\t\t\t\t\t\t\t\t\t<p class=\"description\">The Dark Night of the Soul, Vy\u0161ehrad Gallery, Prague, 2016<\/p>\n\t\t\t\t\t\t\t\t\t\t\t<\/div>\n\t\t<\/div>\n\n\t<\/div>\n\n<\/div><div class=\"modula-item effect-pufrobo\" >\n\t<div class=\"modula-item-overlay\"><\/div>\n\n\t<div class=\"modula-item-content\">\n\n\t\t\t\t\n\t\t\t\t\t<a data-image-id=\"1628\" rel=\"jtg-1627\" data-caption=\"The Dark Night of the Soul, Vy\u0161ehrad Gallery, Prague, 2016\" aria-label=\"Open image in lightbox\" class=\"tile-inner modula-item-link\"><\/a>\n\t\t\n\t\t<img class=\"pic wp-image-1628 lazyload\"  data-valign=\"middle\" data-halign=\"center\" alt=\"\" data-full=\"https:\/\/ondrejroubik.eu\/en\/wp-content\/uploads\/2024\/02\/3.-2016-1.-Temne-noci-duse-Galerie-Vysehrad-Praha-pohled-do-expozice.jpg\" title=\"The Dark Night of the Soul, Vy\u0161ehrad Gallery, Prague, 2016\" width=\"800\" height=\"600\" data-src=\"https:\/\/ondrejroubik.eu\/en\/wp-content\/uploads\/2024\/02\/3.-2016-1.-Temne-noci-duse-Galerie-Vysehrad-Praha-pohled-do-expozice.jpg\" data-caption=\"The Dark Night of the Soul, Vy\u0161ehrad Gallery, Prague, 2016\" data-source=\"modula\" data-srcset=\"https:\/\/ondrejroubik.eu\/en\/wp-content\/uploads\/2024\/02\/3.-2016-1.-Temne-noci-duse-Galerie-Vysehrad-Praha-pohled-do-expozice.jpg 800w, https:\/\/ondrejroubik.eu\/en\/wp-content\/uploads\/2024\/02\/3.-2016-1.-Temne-noci-duse-Galerie-Vysehrad-Praha-pohled-do-expozice-300x225.jpg 300w, https:\/\/ondrejroubik.eu\/en\/wp-content\/uploads\/2024\/02\/3.-2016-1.-Temne-noci-duse-Galerie-Vysehrad-Praha-pohled-do-expozice-768x576.jpg 768w\" data-sizes=\"(max-width: 800px) 100vw, 800px\" srcset=\"https:\/\/ondrejroubik.eu\/en\/wp-content\/uploads\/2024\/02\/3.-2016-1.-Temne-noci-duse-Galerie-Vysehrad-Praha-pohled-do-expozice.jpg 800w, https:\/\/ondrejroubik.eu\/en\/wp-content\/uploads\/2024\/02\/3.-2016-1.-Temne-noci-duse-Galerie-Vysehrad-Praha-pohled-do-expozice-300x225.jpg 300w, https:\/\/ondrejroubik.eu\/en\/wp-content\/uploads\/2024\/02\/3.-2016-1.-Temne-noci-duse-Galerie-Vysehrad-Praha-pohled-do-expozice-768x576.jpg 768w\" sizes=\"(max-width: 800px) 100vw, 800px\" \/>\n\t\t<div class=\"figc\">\n\t\t\t<div class=\"figc-inner\">\n\t\t\t\t\t\t\t\t\t\t\t\t\t<p class=\"description\">The Dark Night of the Soul, Vy\u0161ehrad Gallery, Prague, 2016<\/p>\n\t\t\t\t\t\t\t\t\t\t\t<\/div>\n\t\t<\/div>\n\n\t<\/div>\n\n<\/div>\t\t\n\t<\/div>\n\n\t\n\t\n\t<script type=\"application\/ld+json\">\n\t{\n\t\t\"@context\": \"http:\/\/schema.org\",\n\t\t\"@type\"   : \"ImageGallery\",\n\t\t\"id\"      : \"https:\/\/ondrejroubik.eu\/en\/wp-json\/wp\/v2\/pages\/1457\",\n\t\t\"url\"     : \"https:\/\/ondrejroubik.eu\/en\/wp-json\/wp\/v2\/pages\/1457\"\n\t}\n\n    <\/script>\n\n\t\n<\/div>\n\n\n\n<h6 class=\"wp-block-heading has-text-align-center\">The Dark Night of the Soul, <br>Vy\u0161ehrad Gallery, Prague, 2016<\/h6>\n\n\n\n<div style=\"height:50px\" aria-hidden=\"true\" class=\"wp-block-spacer\"><\/div>\n\n\n<style>#jtg-1631 .modula-item .jtg-social a, .lightbox-socials.jtg-social a{ color: #ffffff }#jtg-1631 .modula-item .jtg-social svg, .lightbox-socials.jtg-social svg { height: 16px; width: 16px }#jtg-1631 .modula-item .jtg-social a:not(:last-child), .lightbox-socials.jtg-social a:not(:last-child) { margin-right: 10px }#jtg-1631 .modula-item .figc {color:#ffffff;}#jtg-1631 .modula-item .modula-item-content { transform: scale(1) }#jtg-1631 { width:100%;}#jtg-1631 .modula-items .figc p.description { font-size:14px; }#jtg-1631 .modula-items .figc p.description { color:#ffffff;}#jtg-1631.modula-gallery .modula-item > a, #jtg-1631.modula-gallery .modula-item, #jtg-1631.modula-gallery .modula-item-content > a:not(.modula-no-follow) { cursor:zoom-in; } #jtg-1631.modula-gallery .modula-item-content .modula-no-follow { cursor: default; } #jtg-1631.modula-gallery .modula-item, #jtg-1631.modula-gallery .modula-grid-sizer { width: calc(50% - 0.5px) ; } @media (min-width: 768px) and (max-width:992px) { html body #jtg-1631.modula-gallery .modula-item, html body  #jtg-1631.modula-gallery .modula-grid-sizer {width: calc(50% - 0.5px ) ; } }@media (max-width: 768px) { html body #jtg-1631.modula-gallery .modula-item, html body  #jtg-1631.modula-gallery .modula-grid-sizer {width: calc(50% - 0.5px ) ; } }#jtg-1631 .modula-items{position:relative;}@media screen and (max-width:480px){#jtg-1631 .modula-item .figc .jtg-title {  font-size: 12px; }#jtg-1631 .modula-items .figc p.description { color:#ffffff;font-size:10px; }}<\/style>\n<!-- Gallery Container -->\n<div  id=\"jtg-1631\" class=\"modula modula-gallery modula-columns\" data-config=\"{&quot;tabletHeight&quot;:800,&quot;mobileHeight&quot;:800,&quot;desktopHeight&quot;:800,&quot;enableTwitter&quot;:false,&quot;enableWhatsapp&quot;:false,&quot;enableFacebook&quot;:false,&quot;enablePinterest&quot;:false,&quot;enableLinkedin&quot;:false,&quot;enableEmail&quot;:false,&quot;randomFactor&quot;:0.5,&quot;type&quot;:&quot;grid&quot;,&quot;columns&quot;:12,&quot;gutter&quot;:1,&quot;mobileGutter&quot;:1,&quot;tabletGutter&quot;:1,&quot;desktopGutter&quot;:1,&quot;enableResponsive&quot;:&quot;0&quot;,&quot;tabletColumns&quot;:2,&quot;mobileColumns&quot;:1,&quot;lazyLoad&quot;:true,&quot;lightboxOpts&quot;:{&quot;loop&quot;:false,&quot;arrows&quot;:true,&quot;toolbar&quot;:true,&quot;keyboard&quot;:true,&quot;wheel&quot;:false,&quot;buttons&quot;:[&quot;close&quot;],&quot;hash&quot;:false,&quot;lang&quot;:&quot;en&quot;,&quot;touch&quot;:false,&quot;protect&quot;:false,&quot;i18n&quot;:{&quot;en&quot;:{&quot;CLOSE&quot;:&quot;Close&quot;,&quot;NEXT&quot;:&quot;Next&quot;,&quot;PREV&quot;:&quot;Previous&quot;,&quot;Error&quot;:&quot;The requested content cannot be loaded. Please try again later.&quot;,&quot;PLAY_START&quot;:&quot;Start slideshow&quot;,&quot;PLAY_STOP&quot;:&quot;Pause slideshow&quot;,&quot;FULL_SCREEN&quot;:&quot;Full screen&quot;,&quot;THUMBS&quot;:&quot;Thumbnails&quot;,&quot;DOWNLOAD&quot;:&quot;Download&quot;,&quot;SHARE&quot;:&quot;Share&quot;,&quot;ZOOM&quot;:&quot;Zoom&quot;}},&quot;clickSlide&quot;:false,&quot;clickOutside&quot;:false,&quot;dblclickContent&quot;:false,&quot;dblclickSlide&quot;:false,&quot;dblclickOutside&quot;:false,&quot;clickContent&quot;:false,&quot;baseTpl&quot;:&quot;&lt;div class=\\&quot;modula-fancybox-container modula-lightbox-jtg-1631\\&quot; role=\\&quot;dialog\\&quot; tabindex=\\&quot;-1\\&quot;&gt;&lt;div class=\\&quot;modula-fancybox-bg\\&quot;&gt;&lt;\\\/div&gt;&lt;div class=\\&quot;modula-fancybox-inner\\&quot;&gt;&lt;div class=\\&quot;modula-fancybox-infobar\\&quot;&gt;&lt;span data-fancybox-index&gt;&lt;\\\/span&gt;&nbsp;\\\/&nbsp;&lt;span data-fancybox-count&gt;&lt;\\\/span&gt;&lt;\\\/div&gt;&lt;div class=\\&quot;modula-fancybox-toolbar\\&quot;&gt;{{buttons}}&lt;\\\/div&gt;&lt;div class=\\&quot;modula-fancybox-navigation\\&quot;&gt;{{arrows}}&lt;\\\/div&gt;&lt;div class=\\&quot;modula-fancybox-stage\\&quot;&gt;&lt;\\\/div&gt;&lt;div class=\\&quot;modula-fancybox-caption\\&quot;&gt;&lt;div class=\\&quot;modula-fancybox-caption__body\\&quot;&gt;&lt;\\\/div&gt;&lt;\\\/div&gt;&lt;\\\/div&gt;&lt;\\\/div&gt;&quot;},&quot;inView&quot;:false,&quot;email_subject&quot;:&quot;Check out this awesome image !!&quot;,&quot;email_message&quot;:&quot;Here is the link to the image : %%image_link%% and this is the link to the gallery : %%gallery_link%%&quot;,&quot;grid_type&quot;:&quot;2&quot;,&quot;rowHeight&quot;:250,&quot;lastRow&quot;:&quot;justify&quot;,&quot;lightbox&quot;:&quot;fancybox&quot;}\">\n\n\t<div class=\"modula-grid-sizer\"> <\/div>\n\t<!-- Items Container -->\n\t<div  class=\"modula-items grid-gallery\">\n\t\t<div class=\"modula-item effect-pufrobo\" >\n\t<div class=\"modula-item-overlay\"><\/div>\n\n\t<div class=\"modula-item-content\">\n\n\t\t\t\t\n\t\t\t\t\t<a data-image-id=\"1633\" rel=\"jtg-1631\" data-caption=\"Hidden Events, Nau Gallery, Prague, 2016\" aria-label=\"Open image in lightbox\" class=\"tile-inner modula-item-link\"><\/a>\n\t\t\n\t\t<img class=\"pic wp-image-1633 lazyload\"  data-valign=\"middle\" data-halign=\"center\" alt=\"\" data-full=\"https:\/\/ondrejroubik.eu\/en\/wp-content\/uploads\/2024\/02\/1.-2016-1.-Skryte-udalosti-Nau-Gallery-Praha-pohled-do-expozice.jpg\" title=\"Hidden Events, Nau Gallery, Prague, 2016\" width=\"2560\" height=\"1696\" data-src=\"https:\/\/ondrejroubik.eu\/en\/wp-content\/uploads\/2024\/02\/1.-2016-1.-Skryte-udalosti-Nau-Gallery-Praha-pohled-do-expozice.jpg\" data-caption=\"Hidden Events, Nau Gallery, Prague, 2016\" data-source=\"modula\" data-srcset=\"https:\/\/ondrejroubik.eu\/en\/wp-content\/uploads\/2024\/02\/1.-2016-1.-Skryte-udalosti-Nau-Gallery-Praha-pohled-do-expozice-scaled.jpg 2560w, https:\/\/ondrejroubik.eu\/en\/wp-content\/uploads\/2024\/02\/1.-2016-1.-Skryte-udalosti-Nau-Gallery-Praha-pohled-do-expozice-300x199.jpg 300w, https:\/\/ondrejroubik.eu\/en\/wp-content\/uploads\/2024\/02\/1.-2016-1.-Skryte-udalosti-Nau-Gallery-Praha-pohled-do-expozice-1024x678.jpg 1024w, https:\/\/ondrejroubik.eu\/en\/wp-content\/uploads\/2024\/02\/1.-2016-1.-Skryte-udalosti-Nau-Gallery-Praha-pohled-do-expozice-768x509.jpg 768w, https:\/\/ondrejroubik.eu\/en\/wp-content\/uploads\/2024\/02\/1.-2016-1.-Skryte-udalosti-Nau-Gallery-Praha-pohled-do-expozice-1536x1017.jpg 1536w, https:\/\/ondrejroubik.eu\/en\/wp-content\/uploads\/2024\/02\/1.-2016-1.-Skryte-udalosti-Nau-Gallery-Praha-pohled-do-expozice-2048x1356.jpg 2048w\" data-sizes=\"(max-width: 2560px) 100vw, 2560px\" \/>\n\t\t<div class=\"figc\">\n\t\t\t<div class=\"figc-inner\">\n\t\t\t\t\t\t\t\t\t\t\t\t\t<p class=\"description\">Hidden Events, Nau Gallery, Prague, 2016<\/p>\n\t\t\t\t\t\t\t\t\t\t\t<\/div>\n\t\t<\/div>\n\n\t<\/div>\n\n<\/div><div class=\"modula-item effect-pufrobo\" >\n\t<div class=\"modula-item-overlay\"><\/div>\n\n\t<div class=\"modula-item-content\">\n\n\t\t\t\t\n\t\t\t\t\t<a data-image-id=\"1632\" rel=\"jtg-1631\" data-caption=\"Hidden Events, Nau Gallery, Prague, 2016\" aria-label=\"Open image in lightbox\" class=\"tile-inner modula-item-link\"><\/a>\n\t\t\n\t\t<img class=\"pic wp-image-1632 lazyload\"  data-valign=\"middle\" data-halign=\"center\" alt=\"\" data-full=\"https:\/\/ondrejroubik.eu\/en\/wp-content\/uploads\/2024\/02\/2.-2016-2.-Skryte-udalosti-Nau-Gallery-Praha-pohled-do-expozice.jpg\" title=\"Hidden Events, Nau Gallery, Prague, 2016\" width=\"2560\" height=\"1696\" data-src=\"https:\/\/ondrejroubik.eu\/en\/wp-content\/uploads\/2024\/02\/2.-2016-2.-Skryte-udalosti-Nau-Gallery-Praha-pohled-do-expozice.jpg\" data-caption=\"Hidden Events, Nau Gallery, Prague, 2016\" data-source=\"modula\" data-srcset=\"https:\/\/ondrejroubik.eu\/en\/wp-content\/uploads\/2024\/02\/2.-2016-2.-Skryte-udalosti-Nau-Gallery-Praha-pohled-do-expozice-scaled.jpg 2560w, https:\/\/ondrejroubik.eu\/en\/wp-content\/uploads\/2024\/02\/2.-2016-2.-Skryte-udalosti-Nau-Gallery-Praha-pohled-do-expozice-300x199.jpg 300w, https:\/\/ondrejroubik.eu\/en\/wp-content\/uploads\/2024\/02\/2.-2016-2.-Skryte-udalosti-Nau-Gallery-Praha-pohled-do-expozice-1024x678.jpg 1024w, https:\/\/ondrejroubik.eu\/en\/wp-content\/uploads\/2024\/02\/2.-2016-2.-Skryte-udalosti-Nau-Gallery-Praha-pohled-do-expozice-768x509.jpg 768w, https:\/\/ondrejroubik.eu\/en\/wp-content\/uploads\/2024\/02\/2.-2016-2.-Skryte-udalosti-Nau-Gallery-Praha-pohled-do-expozice-1536x1017.jpg 1536w, https:\/\/ondrejroubik.eu\/en\/wp-content\/uploads\/2024\/02\/2.-2016-2.-Skryte-udalosti-Nau-Gallery-Praha-pohled-do-expozice-2048x1356.jpg 2048w\" data-sizes=\"(max-width: 2560px) 100vw, 2560px\" \/>\n\t\t<div class=\"figc\">\n\t\t\t<div class=\"figc-inner\">\n\t\t\t\t\t\t\t\t\t\t\t\t\t<p class=\"description\">Hidden Events, Nau Gallery, Prague, 2016<\/p>\n\t\t\t\t\t\t\t\t\t\t\t<\/div>\n\t\t<\/div>\n\n\t<\/div>\n\n<\/div>\t\t\n\t<\/div>\n\n\t\n\t\n\t<script type=\"application\/ld+json\">\n\t{\n\t\t\"@context\": \"http:\/\/schema.org\",\n\t\t\"@type\"   : \"ImageGallery\",\n\t\t\"id\"      : \"https:\/\/ondrejroubik.eu\/en\/wp-json\/wp\/v2\/pages\/1457\",\n\t\t\"url\"     : \"https:\/\/ondrejroubik.eu\/en\/wp-json\/wp\/v2\/pages\/1457\"\n\t}\n\n    <\/script>\n\n\t\n<\/div>\n\n\n\n<h6 class=\"wp-block-heading has-text-align-center\">Hidden Events, Nau Gallery, Prague, 2016<\/h6>\n\n\n\n<div style=\"height:50px\" aria-hidden=\"true\" class=\"wp-block-spacer\"><\/div>\n\n\n<style>#jtg-1634 .modula-item .jtg-social a, .lightbox-socials.jtg-social a{ color: #ffffff }#jtg-1634 .modula-item .jtg-social svg, .lightbox-socials.jtg-social svg { height: 16px; width: 16px }#jtg-1634 .modula-item .jtg-social a:not(:last-child), .lightbox-socials.jtg-social a:not(:last-child) { margin-right: 10px }#jtg-1634 .modula-item .figc {color:#ffffff;}#jtg-1634 .modula-item .modula-item-content { transform: scale(1) }#jtg-1634 { width:100%;}#jtg-1634 .modula-items{height:800px;}@media screen and (max-width: 992px) {#jtg-1634 .modula-items{height:800px;}}@media screen and (max-width: 768px) {#jtg-1634 .modula-items{height:800px;}}#jtg-1634 .modula-items .figc p.description { font-size:14px; }#jtg-1634 .modula-items .figc p.description { color:#ffffff;}#jtg-1634.modula-gallery .modula-item > a, #jtg-1634.modula-gallery .modula-item, #jtg-1634.modula-gallery .modula-item-content > a:not(.modula-no-follow) { cursor:zoom-in; } #jtg-1634.modula-gallery .modula-item-content .modula-no-follow { cursor: default; } @media screen and (max-width:480px){#jtg-1634 .modula-item .figc .jtg-title {  font-size: 12px; }#jtg-1634 .modula-items .figc p.description { color:#ffffff;font-size:10px; }}<\/style>\n<!-- Gallery Container -->\n<div  id=\"jtg-1634\" class=\"modula modula-gallery modula-creative-gallery\" data-config=\"{&quot;height&quot;:800,&quot;tabletHeight&quot;:800,&quot;mobileHeight&quot;:800,&quot;desktopHeight&quot;:800,&quot;enableTwitter&quot;:false,&quot;enableWhatsapp&quot;:false,&quot;enableFacebook&quot;:false,&quot;enablePinterest&quot;:false,&quot;enableLinkedin&quot;:false,&quot;enableEmail&quot;:false,&quot;randomFactor&quot;:0,&quot;type&quot;:&quot;creative-gallery&quot;,&quot;columns&quot;:12,&quot;gutter&quot;:1,&quot;mobileGutter&quot;:1,&quot;tabletGutter&quot;:1,&quot;desktopGutter&quot;:1,&quot;enableResponsive&quot;:&quot;0&quot;,&quot;tabletColumns&quot;:2,&quot;mobileColumns&quot;:1,&quot;lazyLoad&quot;:true,&quot;lightboxOpts&quot;:{&quot;loop&quot;:false,&quot;arrows&quot;:true,&quot;toolbar&quot;:true,&quot;keyboard&quot;:true,&quot;wheel&quot;:false,&quot;buttons&quot;:[&quot;close&quot;],&quot;hash&quot;:false,&quot;lang&quot;:&quot;en&quot;,&quot;touch&quot;:false,&quot;protect&quot;:false,&quot;i18n&quot;:{&quot;en&quot;:{&quot;CLOSE&quot;:&quot;Close&quot;,&quot;NEXT&quot;:&quot;Next&quot;,&quot;PREV&quot;:&quot;Previous&quot;,&quot;Error&quot;:&quot;The requested content cannot be loaded. Please try again later.&quot;,&quot;PLAY_START&quot;:&quot;Start slideshow&quot;,&quot;PLAY_STOP&quot;:&quot;Pause slideshow&quot;,&quot;FULL_SCREEN&quot;:&quot;Full screen&quot;,&quot;THUMBS&quot;:&quot;Thumbnails&quot;,&quot;DOWNLOAD&quot;:&quot;Download&quot;,&quot;SHARE&quot;:&quot;Share&quot;,&quot;ZOOM&quot;:&quot;Zoom&quot;}},&quot;clickSlide&quot;:false,&quot;clickOutside&quot;:false,&quot;dblclickContent&quot;:false,&quot;dblclickSlide&quot;:false,&quot;dblclickOutside&quot;:false,&quot;clickContent&quot;:false,&quot;baseTpl&quot;:&quot;&lt;div class=\\&quot;modula-fancybox-container modula-lightbox-jtg-1634\\&quot; role=\\&quot;dialog\\&quot; tabindex=\\&quot;-1\\&quot;&gt;&lt;div class=\\&quot;modula-fancybox-bg\\&quot;&gt;&lt;\\\/div&gt;&lt;div class=\\&quot;modula-fancybox-inner\\&quot;&gt;&lt;div class=\\&quot;modula-fancybox-infobar\\&quot;&gt;&lt;span data-fancybox-index&gt;&lt;\\\/span&gt;&nbsp;\\\/&nbsp;&lt;span data-fancybox-count&gt;&lt;\\\/span&gt;&lt;\\\/div&gt;&lt;div class=\\&quot;modula-fancybox-toolbar\\&quot;&gt;{{buttons}}&lt;\\\/div&gt;&lt;div class=\\&quot;modula-fancybox-navigation\\&quot;&gt;{{arrows}}&lt;\\\/div&gt;&lt;div class=\\&quot;modula-fancybox-stage\\&quot;&gt;&lt;\\\/div&gt;&lt;div class=\\&quot;modula-fancybox-caption\\&quot;&gt;&lt;div class=\\&quot;modula-fancybox-caption__body\\&quot;&gt;&lt;\\\/div&gt;&lt;\\\/div&gt;&lt;\\\/div&gt;&lt;\\\/div&gt;&quot;},&quot;inView&quot;:false,&quot;email_subject&quot;:&quot;Check out this awesome image !!&quot;,&quot;email_message&quot;:&quot;Here is the link to the image : %%image_link%% and this is the link to the gallery : %%gallery_link%%&quot;,&quot;lightbox&quot;:&quot;fancybox&quot;}\">\n\n\t\n\t<!-- Items Container -->\n\t<div  class=\"modula-items\">\n\t\t<div class=\"modula-item effect-pufrobo\" >\n\t<div class=\"modula-item-overlay\"><\/div>\n\n\t<div class=\"modula-item-content\">\n\n\t\t\t\t\n\t\t\t\t\t<a data-image-id=\"1636\" rel=\"jtg-1634\" data-caption=\"Berlin Hauptstadt der DDR, 35m2 Gallery, Prague, 2010\" aria-label=\"Open image in lightbox\" class=\"tile-inner modula-item-link\"><\/a>\n\t\t\n\t\t<img class=\"pic wp-image-1636 lazyload\"  data-valign=\"middle\" data-halign=\"center\" alt=\"\" data-full=\"https:\/\/ondrejroubik.eu\/en\/wp-content\/uploads\/2024\/02\/1.-2010-1.-Berlin-Hauptstadt-der-DDR-Galerie-35m2-Praha-pohled-do-expozice.jpg\" title=\"Berlin Hauptstadt der DDR, 35m2 Gallery, Prague, 2010\" width=\"1200\" height=\"798\" data-src=\"https:\/\/ondrejroubik.eu\/en\/wp-content\/uploads\/2024\/02\/1.-2010-1.-Berlin-Hauptstadt-der-DDR-Galerie-35m2-Praha-pohled-do-expozice.jpg\" data-caption=\"Berlin Hauptstadt der DDR, 35m2 Gallery, Prague, 2010\" data-source=\"modula\" data-srcset=\"https:\/\/ondrejroubik.eu\/en\/wp-content\/uploads\/2024\/02\/1.-2010-1.-Berlin-Hauptstadt-der-DDR-Galerie-35m2-Praha-pohled-do-expozice.jpg 1200w, https:\/\/ondrejroubik.eu\/en\/wp-content\/uploads\/2024\/02\/1.-2010-1.-Berlin-Hauptstadt-der-DDR-Galerie-35m2-Praha-pohled-do-expozice-300x200.jpg 300w, https:\/\/ondrejroubik.eu\/en\/wp-content\/uploads\/2024\/02\/1.-2010-1.-Berlin-Hauptstadt-der-DDR-Galerie-35m2-Praha-pohled-do-expozice-1024x681.jpg 1024w, https:\/\/ondrejroubik.eu\/en\/wp-content\/uploads\/2024\/02\/1.-2010-1.-Berlin-Hauptstadt-der-DDR-Galerie-35m2-Praha-pohled-do-expozice-768x511.jpg 768w\" data-sizes=\"(max-width: 1200px) 100vw, 1200px\" srcset=\"https:\/\/ondrejroubik.eu\/en\/wp-content\/uploads\/2024\/02\/1.-2010-1.-Berlin-Hauptstadt-der-DDR-Galerie-35m2-Praha-pohled-do-expozice.jpg 1200w, https:\/\/ondrejroubik.eu\/en\/wp-content\/uploads\/2024\/02\/1.-2010-1.-Berlin-Hauptstadt-der-DDR-Galerie-35m2-Praha-pohled-do-expozice-300x200.jpg 300w, https:\/\/ondrejroubik.eu\/en\/wp-content\/uploads\/2024\/02\/1.-2010-1.-Berlin-Hauptstadt-der-DDR-Galerie-35m2-Praha-pohled-do-expozice-1024x681.jpg 1024w, https:\/\/ondrejroubik.eu\/en\/wp-content\/uploads\/2024\/02\/1.-2010-1.-Berlin-Hauptstadt-der-DDR-Galerie-35m2-Praha-pohled-do-expozice-768x511.jpg 768w\" sizes=\"(max-width: 1200px) 100vw, 1200px\" \/>\n\t\t<div class=\"figc\">\n\t\t\t<div class=\"figc-inner\">\n\t\t\t\t\t\t\t\t\t\t\t\t\t<p class=\"description\">Berlin Hauptstadt der DDR, 35m2 Gallery, Prague, 2010<\/p>\n\t\t\t\t\t\t\t\t\t\t\t<\/div>\n\t\t<\/div>\n\n\t<\/div>\n\n<\/div><div class=\"modula-item effect-pufrobo\" >\n\t<div class=\"modula-item-overlay\"><\/div>\n\n\t<div class=\"modula-item-content\">\n\n\t\t\t\t\n\t\t\t\t\t<a data-image-id=\"1637\" rel=\"jtg-1634\" data-caption=\"Berlin Hauptstadt der DDR, 35m2 Gallery, Prague, 2010\" aria-label=\"Open image in lightbox\" class=\"tile-inner modula-item-link\"><\/a>\n\t\t\n\t\t<img class=\"pic wp-image-1637 lazyload\"  data-valign=\"middle\" data-halign=\"center\" alt=\"\" data-full=\"https:\/\/ondrejroubik.eu\/en\/wp-content\/uploads\/2024\/02\/2.-2010-2.-Berlin-Hauptstadt-der-DDR-Galerie-35m2-Praha-pohled-do-expozice.jpg\" title=\"Berlin Hauptstadt der DDR, 35m2 Gallery, Prague, 2010\" width=\"1200\" height=\"791\" data-src=\"https:\/\/ondrejroubik.eu\/en\/wp-content\/uploads\/2024\/02\/2.-2010-2.-Berlin-Hauptstadt-der-DDR-Galerie-35m2-Praha-pohled-do-expozice.jpg\" data-caption=\"Berlin Hauptstadt der DDR, 35m2 Gallery, Prague, 2010\" data-source=\"modula\" data-srcset=\"https:\/\/ondrejroubik.eu\/en\/wp-content\/uploads\/2024\/02\/2.-2010-2.-Berlin-Hauptstadt-der-DDR-Galerie-35m2-Praha-pohled-do-expozice.jpg 1200w, https:\/\/ondrejroubik.eu\/en\/wp-content\/uploads\/2024\/02\/2.-2010-2.-Berlin-Hauptstadt-der-DDR-Galerie-35m2-Praha-pohled-do-expozice-300x198.jpg 300w, https:\/\/ondrejroubik.eu\/en\/wp-content\/uploads\/2024\/02\/2.-2010-2.-Berlin-Hauptstadt-der-DDR-Galerie-35m2-Praha-pohled-do-expozice-1024x675.jpg 1024w, https:\/\/ondrejroubik.eu\/en\/wp-content\/uploads\/2024\/02\/2.-2010-2.-Berlin-Hauptstadt-der-DDR-Galerie-35m2-Praha-pohled-do-expozice-768x506.jpg 768w\" data-sizes=\"(max-width: 1200px) 100vw, 1200px\" srcset=\"https:\/\/ondrejroubik.eu\/en\/wp-content\/uploads\/2024\/02\/2.-2010-2.-Berlin-Hauptstadt-der-DDR-Galerie-35m2-Praha-pohled-do-expozice.jpg 1200w, https:\/\/ondrejroubik.eu\/en\/wp-content\/uploads\/2024\/02\/2.-2010-2.-Berlin-Hauptstadt-der-DDR-Galerie-35m2-Praha-pohled-do-expozice-300x198.jpg 300w, https:\/\/ondrejroubik.eu\/en\/wp-content\/uploads\/2024\/02\/2.-2010-2.-Berlin-Hauptstadt-der-DDR-Galerie-35m2-Praha-pohled-do-expozice-1024x675.jpg 1024w, https:\/\/ondrejroubik.eu\/en\/wp-content\/uploads\/2024\/02\/2.-2010-2.-Berlin-Hauptstadt-der-DDR-Galerie-35m2-Praha-pohled-do-expozice-768x506.jpg 768w\" sizes=\"(max-width: 1200px) 100vw, 1200px\" \/>\n\t\t<div class=\"figc\">\n\t\t\t<div class=\"figc-inner\">\n\t\t\t\t\t\t\t\t\t\t\t\t\t<p class=\"description\">Berlin Hauptstadt der DDR, 35m2 Gallery, Prague, 2010<\/p>\n\t\t\t\t\t\t\t\t\t\t\t<\/div>\n\t\t<\/div>\n\n\t<\/div>\n\n<\/div><div class=\"modula-item effect-pufrobo\" >\n\t<div class=\"modula-item-overlay\"><\/div>\n\n\t<div class=\"modula-item-content\">\n\n\t\t\t\t\n\t\t\t\t\t<a data-image-id=\"1635\" rel=\"jtg-1634\" data-caption=\"Berlin Hauptstadt der DDR, 35m2 Gallery, Prague, 2010\" aria-label=\"Open image in lightbox\" class=\"tile-inner modula-item-link\"><\/a>\n\t\t\n\t\t<img class=\"pic wp-image-1635 lazyload\"  data-valign=\"middle\" data-halign=\"center\" alt=\"\" data-full=\"https:\/\/ondrejroubik.eu\/en\/wp-content\/uploads\/2024\/02\/3.-2010-3.-Berlin-Hauptstadt-der-DDR-Galerie-35m2-Praha-pohled-do-expozice.jpg\" title=\"Berlin Hauptstadt der DDR, 35m2 Gallery, Prague, 2010\" width=\"1200\" height=\"796\" data-src=\"https:\/\/ondrejroubik.eu\/en\/wp-content\/uploads\/2024\/02\/3.-2010-3.-Berlin-Hauptstadt-der-DDR-Galerie-35m2-Praha-pohled-do-expozice.jpg\" data-caption=\"Berlin Hauptstadt der DDR, 35m2 Gallery, Prague, 2010\" data-source=\"modula\" data-srcset=\"https:\/\/ondrejroubik.eu\/en\/wp-content\/uploads\/2024\/02\/3.-2010-3.-Berlin-Hauptstadt-der-DDR-Galerie-35m2-Praha-pohled-do-expozice.jpg 1200w, https:\/\/ondrejroubik.eu\/en\/wp-content\/uploads\/2024\/02\/3.-2010-3.-Berlin-Hauptstadt-der-DDR-Galerie-35m2-Praha-pohled-do-expozice-300x199.jpg 300w, https:\/\/ondrejroubik.eu\/en\/wp-content\/uploads\/2024\/02\/3.-2010-3.-Berlin-Hauptstadt-der-DDR-Galerie-35m2-Praha-pohled-do-expozice-1024x679.jpg 1024w, https:\/\/ondrejroubik.eu\/en\/wp-content\/uploads\/2024\/02\/3.-2010-3.-Berlin-Hauptstadt-der-DDR-Galerie-35m2-Praha-pohled-do-expozice-768x509.jpg 768w\" data-sizes=\"(max-width: 1200px) 100vw, 1200px\" srcset=\"https:\/\/ondrejroubik.eu\/en\/wp-content\/uploads\/2024\/02\/3.-2010-3.-Berlin-Hauptstadt-der-DDR-Galerie-35m2-Praha-pohled-do-expozice.jpg 1200w, https:\/\/ondrejroubik.eu\/en\/wp-content\/uploads\/2024\/02\/3.-2010-3.-Berlin-Hauptstadt-der-DDR-Galerie-35m2-Praha-pohled-do-expozice-300x199.jpg 300w, https:\/\/ondrejroubik.eu\/en\/wp-content\/uploads\/2024\/02\/3.-2010-3.-Berlin-Hauptstadt-der-DDR-Galerie-35m2-Praha-pohled-do-expozice-1024x679.jpg 1024w, https:\/\/ondrejroubik.eu\/en\/wp-content\/uploads\/2024\/02\/3.-2010-3.-Berlin-Hauptstadt-der-DDR-Galerie-35m2-Praha-pohled-do-expozice-768x509.jpg 768w\" sizes=\"(max-width: 1200px) 100vw, 1200px\" \/>\n\t\t<div class=\"figc\">\n\t\t\t<div class=\"figc-inner\">\n\t\t\t\t\t\t\t\t\t\t\t\t\t<p class=\"description\">Berlin Hauptstadt der DDR, 35m2 Gallery, Prague, 2010<\/p>\n\t\t\t\t\t\t\t\t\t\t\t<\/div>\n\t\t<\/div>\n\n\t<\/div>\n\n<\/div>\t\t\n\t<\/div>\n\n\t\n\t\n\t<script type=\"application\/ld+json\">\n\t{\n\t\t\"@context\": \"http:\/\/schema.org\",\n\t\t\"@type\"   : \"ImageGallery\",\n\t\t\"id\"      : \"https:\/\/ondrejroubik.eu\/en\/wp-json\/wp\/v2\/pages\/1457\",\n\t\t\"url\"     : \"https:\/\/ondrejroubik.eu\/en\/wp-json\/wp\/v2\/pages\/1457\"\n\t}\n\n    <\/script>\n\n\t\n<\/div>\n\n\n\n<h6 class=\"wp-block-heading has-text-align-center\">Berlin Hauptstadt der DDR, 35m2 Gallery, Prague, 2010<\/h6>\n","protected":false},"excerpt":{"rendered":"<p>It Will Be Dark Soon&#8230; SPOT Gallery, Prague, 2025 The Red Bush, Nau Gallery, Prague, 2020 Open lines, with Martin Matou\u0161ek, Felix Jenewein Gallery, Kutn\u00e1 hora, 2020 TROJ, with Petr Malina and Pavel \u0160m\u00edd, Nov\u00e1 galerie, Prague 2018 Women, with Lenka Ch\u00e1nov\u00e1, Atrium na \u017di\u017ekov\u011b Gallery, Prague 2018 The Dark Night of the Soul, Vy\u0161ehrad [&hellip;]<\/p>\n","protected":false},"author":3,"featured_media":0,"parent":0,"menu_order":0,"comment_status":"closed","ping_status":"closed","template":"","meta":{"site-sidebar-layout":"default","site-content-layout":"","ast-site-content-layout":"default","site-content-style":"default","site-sidebar-style":"default","ast-global-header-display":"","ast-banner-title-visibility":"","ast-main-header-display":"","ast-hfb-above-header-display":"","ast-hfb-below-header-display":"","ast-hfb-mobile-header-display":"","site-post-title":"disabled","ast-breadcrumbs-content":"","ast-featured-img":"","footer-sml-layout":"","theme-transparent-header-meta":"","adv-header-id-meta":"","stick-header-meta":"","header-above-stick-meta":"","header-main-stick-meta":"","header-below-stick-meta":"","astra-migrate-meta-layouts":"set","ast-page-background-enabled":"default","ast-page-background-meta":{"desktop":{"background-color":"var(--ast-global-color-4)","background-image":"","background-repeat":"repeat","background-position":"center center","background-size":"auto","background-attachment":"scroll","background-type":"","background-media":"","overlay-type":"","overlay-color":"","overlay-gradient":""},"tablet":{"background-color":"","background-image":"","background-repeat":"repeat","background-position":"center center","background-size":"auto","background-attachment":"scroll","background-type":"","background-media":"","overlay-type":"","overlay-color":"","overlay-gradient":""},"mobile":{"background-color":"","background-image":"","background-repeat":"repeat","background-position":"center center","background-size":"auto","background-attachment":"scroll","background-type":"","background-media":"","overlay-type":"","overlay-color":"","overlay-gradient":""}},"ast-content-background-meta":{"desktop":{"background-color":"var(--ast-global-color-5)","background-image":"","background-repeat":"repeat","background-position":"center center","background-size":"auto","background-attachment":"scroll","background-type":"","background-media":"","overlay-type":"","overlay-color":"","overlay-gradient":""},"tablet":{"background-color":"var(--ast-global-color-5)","background-image":"","background-repeat":"repeat","background-position":"center center","background-size":"auto","background-attachment":"scroll","background-type":"","background-media":"","overlay-type":"","overlay-color":"","overlay-gradient":""},"mobile":{"background-color":"var(--ast-global-color-5)","background-image":"","background-repeat":"repeat","background-position":"center center","background-size":"auto","background-attachment":"scroll","background-type":"","background-media":"","overlay-type":"","overlay-color":"","overlay-gradient":""}},"footnotes":""},"class_list":["post-1457","page","type-page","status-publish","hentry"],"yoast_head":"<!-- This site is optimized with the Yoast SEO plugin v22.1 - https:\/\/yoast.com\/wordpress\/plugins\/seo\/ -->\n<title>Photo - OND\u0158EJ ROUB\u00cdK<\/title>\n<meta name=\"robots\" content=\"index, follow, max-snippet:-1, max-image-preview:large, max-video-preview:-1\" \/>\n<link rel=\"canonical\" href=\"https:\/\/ondrejroubik.eu\/en\/photo\/\" \/>\n<meta property=\"og:locale\" content=\"cs_CZ\" \/>\n<meta property=\"og:type\" content=\"article\" \/>\n<meta property=\"og:title\" content=\"Photo - OND\u0158EJ ROUB\u00cdK\" \/>\n<meta property=\"og:description\" content=\"It Will Be Dark Soon&#8230; SPOT Gallery, Prague, 2025 The Red Bush, Nau Gallery, Prague, 2020 Open lines, with Martin Matou\u0161ek, Felix Jenewein Gallery, Kutn\u00e1 hora, 2020 TROJ, with Petr Malina and Pavel \u0160m\u00edd, Nov\u00e1 galerie, Prague 2018 Women, with Lenka Ch\u00e1nov\u00e1, Atrium na \u017di\u017ekov\u011b Gallery, Prague 2018 The Dark Night of the Soul, Vy\u0161ehrad [&hellip;]\" \/>\n<meta property=\"og:url\" content=\"https:\/\/ondrejroubik.eu\/en\/photo\/\" \/>\n<meta property=\"og:site_name\" content=\"OND\u0158EJ ROUB\u00cdK\" \/>\n<meta property=\"article:modified_time\" content=\"2025-06-01T14:34:56+00:00\" \/>\n<meta name=\"twitter:card\" content=\"summary_large_image\" \/>\n<meta name=\"twitter:label1\" content=\"Odhadovan\u00e1 doba \u010dten\u00ed\" \/>\n\t<meta name=\"twitter:data1\" content=\"1 minuta\" \/>\n<script type=\"application\/ld+json\" class=\"yoast-schema-graph\">{\"@context\":\"https:\/\/schema.org\",\"@graph\":[{\"@type\":\"WebPage\",\"@id\":\"https:\/\/ondrejroubik.eu\/en\/photo\/\",\"url\":\"https:\/\/ondrejroubik.eu\/en\/photo\/\",\"name\":\"Photo - OND\u0158EJ ROUB\u00cdK\",\"isPartOf\":{\"@id\":\"https:\/\/ondrejroubik.eu\/en\/#website\"},\"datePublished\":\"2024-02-05T12:16:42+00:00\",\"dateModified\":\"2025-06-01T14:34:56+00:00\",\"breadcrumb\":{\"@id\":\"https:\/\/ondrejroubik.eu\/en\/photo\/#breadcrumb\"},\"inLanguage\":\"cs\",\"potentialAction\":[{\"@type\":\"ReadAction\",\"target\":[\"https:\/\/ondrejroubik.eu\/en\/photo\/\"]}]},{\"@type\":\"BreadcrumbList\",\"@id\":\"https:\/\/ondrejroubik.eu\/en\/photo\/#breadcrumb\",\"itemListElement\":[{\"@type\":\"ListItem\",\"position\":1,\"name\":\"Dom\u016f\",\"item\":\"https:\/\/ondrejroubik.eu\/en\/\"},{\"@type\":\"ListItem\",\"position\":2,\"name\":\"Photo\"}]},{\"@type\":\"WebSite\",\"@id\":\"https:\/\/ondrejroubik.eu\/en\/#website\",\"url\":\"https:\/\/ondrejroubik.eu\/en\/\",\"name\":\"OND\u0158EJ ROUB\u00cdK\",\"description\":\"\",\"potentialAction\":[{\"@type\":\"SearchAction\",\"target\":{\"@type\":\"EntryPoint\",\"urlTemplate\":\"https:\/\/ondrejroubik.eu\/en\/?s={search_term_string}\"},\"query-input\":\"required name=search_term_string\"}],\"inLanguage\":\"cs\"}]}<\/script>\n<!-- \/ Yoast SEO plugin. -->","yoast_head_json":{"title":"Photo - OND\u0158EJ ROUB\u00cdK","robots":{"index":"index","follow":"follow","max-snippet":"max-snippet:-1","max-image-preview":"max-image-preview:large","max-video-preview":"max-video-preview:-1"},"canonical":"https:\/\/ondrejroubik.eu\/en\/photo\/","og_locale":"cs_CZ","og_type":"article","og_title":"Photo - OND\u0158EJ ROUB\u00cdK","og_description":"It Will Be Dark Soon&#8230; SPOT Gallery, Prague, 2025 The Red Bush, Nau Gallery, Prague, 2020 Open lines, with Martin Matou\u0161ek, Felix Jenewein Gallery, Kutn\u00e1 hora, 2020 TROJ, with Petr Malina and Pavel \u0160m\u00edd, Nov\u00e1 galerie, Prague 2018 Women, with Lenka Ch\u00e1nov\u00e1, Atrium na \u017di\u017ekov\u011b Gallery, Prague 2018 The Dark Night of the Soul, Vy\u0161ehrad [&hellip;]","og_url":"https:\/\/ondrejroubik.eu\/en\/photo\/","og_site_name":"OND\u0158EJ ROUB\u00cdK","article_modified_time":"2025-06-01T14:34:56+00:00","twitter_card":"summary_large_image","twitter_misc":{"Odhadovan\u00e1 doba \u010dten\u00ed":"1 minuta"},"schema":{"@context":"https:\/\/schema.org","@graph":[{"@type":"WebPage","@id":"https:\/\/ondrejroubik.eu\/en\/photo\/","url":"https:\/\/ondrejroubik.eu\/en\/photo\/","name":"Photo - OND\u0158EJ ROUB\u00cdK","isPartOf":{"@id":"https:\/\/ondrejroubik.eu\/en\/#website"},"datePublished":"2024-02-05T12:16:42+00:00","dateModified":"2025-06-01T14:34:56+00:00","breadcrumb":{"@id":"https:\/\/ondrejroubik.eu\/en\/photo\/#breadcrumb"},"inLanguage":"cs","potentialAction":[{"@type":"ReadAction","target":["https:\/\/ondrejroubik.eu\/en\/photo\/"]}]},{"@type":"BreadcrumbList","@id":"https:\/\/ondrejroubik.eu\/en\/photo\/#breadcrumb","itemListElement":[{"@type":"ListItem","position":1,"name":"Dom\u016f","item":"https:\/\/ondrejroubik.eu\/en\/"},{"@type":"ListItem","position":2,"name":"Photo"}]},{"@type":"WebSite","@id":"https:\/\/ondrejroubik.eu\/en\/#website","url":"https:\/\/ondrejroubik.eu\/en\/","name":"OND\u0158EJ ROUB\u00cdK","description":"","potentialAction":[{"@type":"SearchAction","target":{"@type":"EntryPoint","urlTemplate":"https:\/\/ondrejroubik.eu\/en\/?s={search_term_string}"},"query-input":"required name=search_term_string"}],"inLanguage":"cs"}]}},"jetpack_sharing_enabled":true,"_links":{"self":[{"href":"https:\/\/ondrejroubik.eu\/en\/wp-json\/wp\/v2\/pages\/1457","targetHints":{"allow":["GET"]}}],"collection":[{"href":"https:\/\/ondrejroubik.eu\/en\/wp-json\/wp\/v2\/pages"}],"about":[{"href":"https:\/\/ondrejroubik.eu\/en\/wp-json\/wp\/v2\/types\/page"}],"author":[{"embeddable":true,"href":"https:\/\/ondrejroubik.eu\/en\/wp-json\/wp\/v2\/users\/3"}],"replies":[{"embeddable":true,"href":"https:\/\/ondrejroubik.eu\/en\/wp-json\/wp\/v2\/comments?post=1457"}],"version-history":[{"count":14,"href":"https:\/\/ondrejroubik.eu\/en\/wp-json\/wp\/v2\/pages\/1457\/revisions"}],"predecessor-version":[{"id":6629,"href":"https:\/\/ondrejroubik.eu\/en\/wp-json\/wp\/v2\/pages\/1457\/revisions\/6629"}],"wp:attachment":[{"href":"https:\/\/ondrejroubik.eu\/en\/wp-json\/wp\/v2\/media?parent=1457"}],"curies":[{"name":"wp","href":"https:\/\/api.w.org\/{rel}","templated":true}]}}